	
    {"id":38441,"date":"2023-05-02T21:27:25","date_gmt":"2023-05-02T19:27:25","guid":{"rendered":"https:\/\/colosseo.it\/?post_type=biglietti&#038;p=38441"},"modified":"2026-03-29T10:17:24","modified_gmt":"2026-03-29T08:17:24","slug":"entrada-forum-pass-super","status":"publish","type":"biglietti","link":"https:\/\/colosseo.it\/es\/entradas\/entrada-forum-pass-super\/","title":{"rendered":"Forum Pass SUPER"},"content":{"rendered":"<p style=\"text-align: justify;\"><strong><span style=\"color: #ff0000;\">EL BILLETE NO PUEDE UTILIZARSE EL PRIMER DOMINGO GRATUITO DEL MES<\/span><\/strong><\/p>\n<p style=\"text-align: justify;\">El billete es v\u00e1lido <strong>para una sola entrada<\/strong> a la zona arqueol\u00f3gica del Foro Romano &#8211; Palatino, Foros Imperiales y SUPER, incluidas las exposiciones actuales.<br \/>\n<strong>Esta entrada no permite el acceso al Coliseo.<\/strong><br \/>\nNo requiere reserva de hora, si se compra en l\u00ednea puede utilizarse en los 30 d\u00edas siguientes a la compra.<br \/>\n<strong>Una vez validado, s\u00f3lo es v\u00e1lido para el d\u00eda de uso.<\/strong><\/p>\n<p style=\"text-align: justify;\">Puede adquirirse en l\u00ednea o en las taquillas del Parque Arqueol\u00f3gico del Coliseo.<\/p>\n<p style=\"text-align: justify;\">El acceso a los yacimientos de loa sitios SUPER est\u00e1 restringido, ya que conservan valiosas pinturas que podr\u00edan verse afectadas por una aglomeraci\u00f3n excesiva. El acceso a los sitios SUPER se realizar\u00e1 desde las 9.30 horas hasta 1 hora antes del cierre.<br \/>\n<strong>El paso desde el Parque Arqueol\u00f3gico del Coliseo hasta la zona del Foro Imperial estar\u00e1 abierto todos los d\u00edas de 9.00 a 15.15 horas.<\/strong><\/p>\n<p style=\"text-align: justify;\">Todo el recorrido de la visita incluida en el billete Forum Pass est\u00e1 libre de barreras y atravesar\u00e1 parte del Foro de Trajano, pasar\u00e1 bajo la Via dei Fori Imperiali a trav\u00e9s de las bodegas de las antiguas viviendas del barrio de Alessandrino y, tras cruzar toda la longitud del Foro de C\u00e9sar, cerca del Foro de Nerva, llegar\u00e1 a la Curia para entrar en el Foro Romano.<\/p>\n<h3 class=\"p1\"><span class=\"s1\">INCLUYE<\/span><\/h3>\n<ul>\n<li><strong>Foro Romano<\/strong><\/li>\n<li><strong>Museo del Foro Romano<\/strong><\/li>\n<li><strong>Templo de R\u00f3mulo\u00a0<\/strong><\/li>\n<li><strong>Domus Tiberiana (salas de exposici\u00f3n)<\/strong><\/li>\n<li><strong>Santa Mar\u00eda Antiqua<\/strong><\/li>\n<li><strong>Curia Iulia<\/strong><\/li>\n<li><strong>Palatino<\/strong><\/li>\n<li><strong>Museo Palatino (s\u00f3lo planta baja)<br \/>\n<\/strong><\/li>\n<li><strong>Aula Is\u00edaca y Logia Mattei<\/strong><\/li>\n<li><strong>Casa de Augusto (lunes cerrado)<\/strong><\/li>\n<li><strong>Casa de Livia (martes cerrado)<\/strong><\/li>\n<li><strong>Horrea Piperataria<\/strong><\/li>\n<li><strong>Foros Imperiales<\/strong><\/li>\n<li><strong>exposiciones actuales<\/strong><\/li>\n<\/ul>\n<p>&nbsp;<\/p>\n<div><\/div>\n<h3>ENTRADAS AL FORO ROMANO Y AL PALATINO<\/h3>\n<ul>\n<li>largo della Salara vecchia<\/li>\n<li>v\u00eda Sacra, cerca del Arco de Tito<\/li>\n<li>v\u00eda de San Gregorio<\/li>\n<li>via del Tulliano<\/li>\n<li>via del Foro Romano<\/li>\n<li>Plaza de la Virgen de Loreto \/ Columna Trajana<\/li>\n<\/ul>\n<p>&nbsp;<\/p>\n<p><a href=\"https:\/\/colosseo.it\/sito\/wp-content\/uploads\/2023\/03\/SITI_SUPER_orari_ita-scaled.jpg\"><img decoding=\"async\" loading=\"lazy\" class=\"aligncenter size-large wp-image-54850\" src=\"https:\/\/colosseo.it\/sito\/wp-content\/uploads\/2023\/03\/SITI_SUPER_orari_ita-724x1024.jpg\" alt=\"\" width=\"724\" height=\"1024\" srcset=\"https:\/\/colosseo.it\/sito\/wp-content\/uploads\/2023\/03\/SITI_SUPER_orari_ita-724x1024.jpg 724w, https:\/\/colosseo.it\/sito\/wp-content\/uploads\/2023\/03\/SITI_SUPER_orari_ita-212x300.jpg 212w, https:\/\/colosseo.it\/sito\/wp-content\/uploads\/2023\/03\/SITI_SUPER_orari_ita-768x1086.jpg 768w, https:\/\/colosseo.it\/sito\/wp-content\/uploads\/2023\/03\/SITI_SUPER_orari_ita-1086x1536.jpg 1086w, https:\/\/colosseo.it\/sito\/wp-content\/uploads\/2023\/03\/SITI_SUPER_orari_ita-1448x2048.jpg 1448w, https:\/\/colosseo.it\/sito\/wp-content\/uploads\/2023\/03\/SITI_SUPER_orari_ita-707x1000.jpg 707w, https:\/\/colosseo.it\/sito\/wp-content\/uploads\/2023\/03\/SITI_SUPER_orari_ita-1920x2716.jpg 1920w, https:\/\/colosseo.it\/sito\/wp-content\/uploads\/2023\/03\/SITI_SUPER_orari_ita-scaled.jpg 1810w\" sizes=\"(max-width: 724px) 100vw, 724px\" \/><\/a><\/p>\n\n\t\n\t\t<div id='gallery-1' class='gallery galleryid-38441 gallery-columns-2 gallery-size-large'><dl class='gallery-item'>\n\t\t<dt class='gallery-icon portrait'>\n\t\t\t<a href='https:\/\/colosseo.it\/sito\/wp-content\/uploads\/2023\/03\/Casa-di-Augusto-2026-scaled.jpg' data-title='' data-lightbox='gallery-1'> <img width=\"724\" height=\"1024\" src=\"https:\/\/colosseo.it\/sito\/wp-content\/uploads\/2023\/03\/Casa-di-Augusto-2026-724x1024.jpg\" class=\"attachment-large size-large\" alt=\"\" decoding=\"async\" loading=\"lazy\" srcset=\"https:\/\/colosseo.it\/sito\/wp-content\/uploads\/2023\/03\/Casa-di-Augusto-2026-724x1024.jpg 724w, https:\/\/colosseo.it\/sito\/wp-content\/uploads\/2023\/03\/Casa-di-Augusto-2026-212x300.jpg 212w, https:\/\/colosseo.it\/sito\/wp-content\/uploads\/2023\/03\/Casa-di-Augusto-2026-768x1086.jpg 768w, https:\/\/colosseo.it\/sito\/wp-content\/uploads\/2023\/03\/Casa-di-Augusto-2026-1086x1536.jpg 1086w, https:\/\/colosseo.it\/sito\/wp-content\/uploads\/2023\/03\/Casa-di-Augusto-2026-1448x2048.jpg 1448w, https:\/\/colosseo.it\/sito\/wp-content\/uploads\/2023\/03\/Casa-di-Augusto-2026-707x1000.jpg 707w, https:\/\/colosseo.it\/sito\/wp-content\/uploads\/2023\/03\/Casa-di-Augusto-2026-1920x2715.jpg 1920w, https:\/\/colosseo.it\/sito\/wp-content\/uploads\/2023\/03\/Casa-di-Augusto-2026-scaled.jpg 1811w\" sizes=\"(max-width: 724px) 100vw, 724px\" \/><\/a>\n\t\t<\/dt><\/dl><dl class='gallery-item'>\n\t\t<dt class='gallery-icon portrait'>\n\t\t\t<a href='https:\/\/colosseo.it\/sito\/wp-content\/uploads\/2023\/03\/Casa-di-Livia-2026-scaled.jpg' data-title='' data-lightbox='gallery-1'> <img width=\"724\" height=\"1024\" src=\"https:\/\/colosseo.it\/sito\/wp-content\/uploads\/2023\/03\/Casa-di-Livia-2026-724x1024.jpg\" class=\"attachment-large size-large\" alt=\"\" decoding=\"async\" loading=\"lazy\" srcset=\"https:\/\/colosseo.it\/sito\/wp-content\/uploads\/2023\/03\/Casa-di-Livia-2026-724x1024.jpg 724w, https:\/\/colosseo.it\/sito\/wp-content\/uploads\/2023\/03\/Casa-di-Livia-2026-212x300.jpg 212w, https:\/\/colosseo.it\/sito\/wp-content\/uploads\/2023\/03\/Casa-di-Livia-2026-768x1086.jpg 768w, https:\/\/colosseo.it\/sito\/wp-content\/uploads\/2023\/03\/Casa-di-Livia-2026-1086x1536.jpg 1086w, https:\/\/colosseo.it\/sito\/wp-content\/uploads\/2023\/03\/Casa-di-Livia-2026-1448x2048.jpg 1448w, https:\/\/colosseo.it\/sito\/wp-content\/uploads\/2023\/03\/Casa-di-Livia-2026-707x1000.jpg 707w, https:\/\/colosseo.it\/sito\/wp-content\/uploads\/2023\/03\/Casa-di-Livia-2026-1920x2715.jpg 1920w, https:\/\/colosseo.it\/sito\/wp-content\/uploads\/2023\/03\/Casa-di-Livia-2026-scaled.jpg 1811w\" sizes=\"(max-width: 724px) 100vw, 724px\" \/><\/a>\n\t\t<\/dt><\/dl><br style=\"clear: both\" \/>\n\t<\/div>\n\n","protected":false},"featured_media":24780,"parent":0,"template":"","acf":[],"_links":{"self":[{"href":"https:\/\/colosseo.it\/es\/wp-json\/wp\/v2\/biglietti\/38441"}],"collection":[{"href":"https:\/\/colosseo.it\/es\/wp-json\/wp\/v2\/biglietti"}],"about":[{"href":"https:\/\/colosseo.it\/es\/wp-json\/wp\/v2\/types\/biglietti"}],"version-history":[{"count":46,"href":"https:\/\/colosseo.it\/es\/wp-json\/wp\/v2\/biglietti\/38441\/revisions"}],"predecessor-version":[{"id":54872,"href":"https:\/\/colosseo.it\/es\/wp-json\/wp\/v2\/biglietti\/38441\/revisions\/54872"}],"wp:featuredmedia":[{"embeddable":true,"href":"https:\/\/colosseo.it\/es\/wp-json\/wp\/v2\/media\/24780"}],"wp:attachment":[{"href":"https:\/\/colosseo.it\/es\/wp-json\/wp\/v2\/media?parent=38441"}],"curies":[{"name":"wp","href":"https:\/\/api.w.org\/{rel}","templated":true}]}}