	
    {"id":27208,"date":"2021-09-28T10:49:47","date_gmt":"2021-09-28T08:49:47","guid":{"rendered":"https:\/\/colosseo.it\/parco-green\/el-proyecto-spectio\/"},"modified":"2021-09-28T14:45:19","modified_gmt":"2021-09-28T12:45:19","slug":"el-proyecto-spectio","status":"publish","type":"page","link":"https:\/\/colosseo.it\/es\/parco-green\/el-proyecto-spectio\/","title":{"rendered":"El proyecto SPECTIO"},"content":{"rendered":"<p>Quienes visitan el PArCo por primera vez se sorprenden positivamente ante el verde y el gran n\u00famero de plantas y flores que en todas las estaciones le dan color. Un verde que desde hace siglos es el hogar de una nutrida fauna compuesta por peque\u00f1os mam\u00edferos, reptiles, insectos y, sobre todo, aves que seguramente son las m\u00e1s vistas y fotografiadas. Con la ca\u00edda del Imperio romano, con el progresivo abandono del valle del Foro y del monte Palatino y con la expansi\u00f3n de la vegetaci\u00f3n espont\u00e1nea entre las ruinas, los nuevos huertos y jardines, el \u00e1rea empez\u00f3 a repoblarse con animales que consideraban el h\u00e1bitat creado en ese nuevo paisaje, situado a orillas de la ciudad, lo suficientemente tranquilo para vivir.<\/p>\n<p>Y as\u00ed, de acuerdo con la gran atenci\u00f3n del parque por sus aspectos naturalistas, por iniciativa del Servicio de Educaci\u00f3n Did\u00e1ctica y Formaci\u00f3n, a principios de 2020 se puso en marcha el <strong>proyecto <em>SPECTIO<\/em><\/strong>, con el objetivo de<strong> observar y estudiar las costumbres de la fauna y, sobre todo, de las aves locales <\/strong>para valorizar este patrimonio naturalista y darlo a conocer mediante publicaciones espec\u00edficas, talleres did\u00e1cticos, visitas tem\u00e1ticas guiadas y publicaciones en las redes. El primer acto fundamental del proyecto fue la firma del protocolo de colaboraci\u00f3n con <a href=\"https:\/\/www.ornisitalica.com\/\"><strong>Ornis Italica<\/strong><\/a>, asociaci\u00f3n sin fines de lucro ya activa desde hace unos a\u00f1os en el PArCo para monitorizar la vida de las gaviotas.<\/p>\n<p><img decoding=\"async\" loading=\"lazy\" class=\"wp-image-21166 size-large aligncenter\" src=\"https:\/\/colosseo.it\/sito\/wp-content\/uploads\/2021\/01\/civetta_web_flat-1024x342.jpg\" alt=\"\" width=\"1024\" height=\"342\" srcset=\"https:\/\/colosseo.it\/sito\/wp-content\/uploads\/2021\/01\/civetta_web_flat-1024x342.jpg 1024w, https:\/\/colosseo.it\/sito\/wp-content\/uploads\/2021\/01\/civetta_web_flat-300x100.jpg 300w, https:\/\/colosseo.it\/sito\/wp-content\/uploads\/2021\/01\/civetta_web_flat-768x256.jpg 768w, https:\/\/colosseo.it\/sito\/wp-content\/uploads\/2021\/01\/civetta_web_flat-2000x667.jpg 2000w\" sizes=\"(max-width: 1024px) 100vw, 1024px\" \/><\/p>\n<p>A partir de marzo de 2020, durante la explosi\u00f3n de la pandemia, en todo el mundo se observaron reacciones particulares de la fauna selv\u00e1tica ante <span lang=\"it\">el cambio de las costumbres impuesto al hombre por la difusi\u00f3n de la COVID-19. Un fen\u00f3meno de inmovilizaci\u00f3n y reducci\u00f3n de la presencia del hombre en un gran n\u00famero de puntos del planeta (como en el caso del PArCo) nunca visto desde hace d\u00e9cadas y para el que se ha pensado acu\u00f1ar el t\u00e9rmino espec\u00edfico de \u00ab<a href=\"https:\/\/www.nature.com\/articles\/s41559-020-1237-z\"><strong>antropausa<\/strong>\u00ab<\/a>.\u00a0 Aunque generada por una contingencia extremadamente dram\u00e1tica, se trata sin lugar a dudas de una ocasi\u00f3n \u00fanica para analizar de manera simult\u00e1nea en todo el mundo una serie de fen\u00f3menos de gran inter\u00e9s para el estudio del impacto del hombre en la fauna selv\u00e1tica.<\/span><\/p>\n<p>Hasta tal punto que, promovida por la Bio-Logging Society, se inici\u00f3 la\u00a0<strong><a href=\"https:\/\/www.bio-logging.net\/\">COVID-19 Bio-Logging Initiative\u00a0<\/a><\/strong><span lang=\"it\">para estudiar los comportamientos animales a trav\u00e9s de la recogida de datos masiva y a amplia escala, con objeto de evaluar el peso de la acci\u00f3n del hombre sobre la naturaleza cuando las actividades humanas se interrumpen. El PArCo est\u00e1 participando en esta iniciativa gracias al inter\u00e9s y el esfuerzo de Ornis Italica, que se ocupa de recoger los datos en campo y de reelaborarlos, con la coordinaci\u00f3n del Servicio de did\u00e1ctica y la cooperaci\u00f3n indispensable del personal del PArCO, valioso por sus avisos y sus fotos.<br \/>\n<\/span><\/p>\n<div>Las personas interesadas podr\u00e1n consultar en esta p\u00e1gina toda la informaci\u00f3n actualizada y las novedades sobre el desarrollo del proyecto, cuyo adelanto se publica en las cuentas de las redes sociales del PArCo.<\/div>\n<div><\/div>\n<div><img decoding=\"async\" loading=\"lazy\" class=\"wp-image-21141 size-large aligncenter\" src=\"https:\/\/colosseo.it\/sito\/wp-content\/uploads\/2021\/01\/gabbiani-reali-e-gheppio_web-1024x524.jpg\" alt=\"\" width=\"1024\" height=\"524\" srcset=\"https:\/\/colosseo.it\/sito\/wp-content\/uploads\/2021\/01\/gabbiani-reali-e-gheppio_web-1024x524.jpg 1024w, https:\/\/colosseo.it\/sito\/wp-content\/uploads\/2021\/01\/gabbiani-reali-e-gheppio_web-300x153.jpg 300w, https:\/\/colosseo.it\/sito\/wp-content\/uploads\/2021\/01\/gabbiani-reali-e-gheppio_web-768x393.jpg 768w, https:\/\/colosseo.it\/sito\/wp-content\/uploads\/2021\/01\/gabbiani-reali-e-gheppio_web-1956x1000.jpg 1956w\" sizes=\"(max-width: 1024px) 100vw, 1024px\" \/><\/div>\n<p>&nbsp;<\/p>\n<div><strong>1) La gaviota Emilio<\/strong><\/div>\n<div><em>Ornis Italica<\/em> monitoriza las gaviotas \u00abresidentes\u00bb en el PArCo desde 2017, gracias a la aplicaci\u00f3n de peque\u00f1os rastreadores GPS en el lomo. Entre los resultados m\u00e1s curiosos destaca, sin lugar a dudas, la historia de Emilio, as\u00ed llamado por construir su nido en la bas\u00edlica Emilia del Foro Romano. En julio de 2019 y 2020, Emilio emprendi\u00f3 un viaje de 750 km hacia el norte y tras atravesar los Alpes pas\u00f3 unos meses en el <strong>lago de Constanza en Suiza<\/strong>. En invierno, listo para la nueva temporada de reproducci\u00f3n, regres\u00f3 a la bas\u00edlica Emilia en el coraz\u00f3n de Roma.<\/div>\n<div dir=\"auto\">El siguiente mapa muestra todos los vuelos efectuados hasta el momento por las seis gaviotas monitorizadas, gran parte de los cuales se limita al centro de la ciudad de Roma.<\/div>\n<div dir=\"auto\"><\/div>\n<p>&nbsp;<\/p>\n<div dir=\"auto\"><img decoding=\"async\" loading=\"lazy\" class=\"wp-image-21030 size-full aligncenter\" src=\"https:\/\/colosseo.it\/sito\/wp-content\/uploads\/2021\/01\/emilio_mappa.jpg\" alt=\"\" width=\"526\" height=\"526\" srcset=\"https:\/\/colosseo.it\/sito\/wp-content\/uploads\/2021\/01\/emilio_mappa.jpg 526w, https:\/\/colosseo.it\/sito\/wp-content\/uploads\/2021\/01\/emilio_mappa-150x150.jpg 150w, https:\/\/colosseo.it\/sito\/wp-content\/uploads\/2021\/01\/emilio_mappa-300x300.jpg 300w, https:\/\/colosseo.it\/sito\/wp-content\/uploads\/2021\/01\/emilio_mappa-125x125.jpg 125w\" sizes=\"(max-width: 526px) 100vw, 526px\" \/><\/div>\n<p>&nbsp;<\/p>\n<div><strong>2) El colirrojo tiz\u00f3n que llega del fr\u00edo<\/strong><\/div>\n<div>Entre los habitantes m\u00e1s comunes del PArCo se encuentra el colirrojo tiz\u00f3n (<em>Phoenicurus ochruros<\/em>). Con frecuencia podemos verlo volar en busca de insectos, con su cola roja como una flecha en contraste con el gris oscuro del cuerpo de los machos. Si prestamos atenci\u00f3n podemos ver un anillo met\u00e1lico en una de las patas: un identificador aplicado por los ornit\u00f3logos que recogen datos sobre las aves migratorias y no migratorias.<\/div>\n<div>Pues bien, \u00a1gracias al anillo hemos descubierto que este p\u00e1jaro viene de <strong>Hungr\u00eda<\/strong>! Probablemente, tras un verano en el norte de Europa, necesitaba pasar el invierno en un clima m\u00e1s suave y eligi\u00f3 el PArCo para disfrutar de su protecci\u00f3n y de buenas comilonas durante los meses m\u00e1s fr\u00edos.<\/div>\n<p>&nbsp;<\/p>\n<div><\/div>\n<div><img decoding=\"async\" loading=\"lazy\" class=\"aligncenter wp-image-21135 size-full\" src=\"https:\/\/colosseo.it\/sito\/wp-content\/uploads\/2021\/01\/codirosso-spazzacamino_web_collare_flat_small-1.jpg\" alt=\"\" width=\"526\" height=\"518\" srcset=\"https:\/\/colosseo.it\/sito\/wp-content\/uploads\/2021\/01\/codirosso-spazzacamino_web_collare_flat_small-1.jpg 526w, https:\/\/colosseo.it\/sito\/wp-content\/uploads\/2021\/01\/codirosso-spazzacamino_web_collare_flat_small-1-300x295.jpg 300w\" sizes=\"(max-width: 526px) 100vw, 526px\" \/><\/div>\n<p>&nbsp;<\/p>\n<div><strong>3) El mochuelo del Coliseo<\/strong><\/div>\n<div>El mochuelo ya con su nombre cient\u00edfico \u2013Athene noctua\u2013 nos hace recordar los mitos griegos, en los que este peque\u00f1o estrigiforme representaba las <strong>virtudes de la sabidur\u00eda, las artes y la ciencia<\/strong>. En la transposici\u00f3n romana del mito, el b\u00faho se encarna en la diosa Minerva y las connotaciones son muy similares a las griegas: se le atribuyen valores relacionados con el arte, el conocimiento, el comercio y la poes\u00eda.<br \/>\nSin embargo, para los egipcios el b\u00faho representa la oscuridad y el paso de la luz a la noche, una especie de met\u00e1fora de la traslaci\u00f3n del mundo de los vivos al de los muertos.<br \/>\nY en una noche romana, entre los vestigios del anfriteatro Flavio, se oye la llamada y se observa un perfil a contraluz. El mito del peque\u00f1o y atractivo b\u00faho deja de materializarse como una entidad filos\u00f3fica y se convierte en una forma viva: un revoltijo de plumas, emboscadas y vida.<\/div>\n<p>&nbsp;<\/p>\n<div><img decoding=\"async\" loading=\"lazy\" class=\"aligncenter wp-image-22984 size-full\" src=\"https:\/\/colosseo.it\/sito\/wp-content\/uploads\/2021\/04\/foto_civetta_colosseo_web-1.jpg\" alt=\"\" width=\"530\" height=\"499\" \/><\/div>\n<div><\/div>\n<div><\/div>\n<div><\/div>\n<p>&nbsp;<\/p>\n<div><strong>4) El halc\u00f3n peregrino<br \/>\n<\/strong><\/div>\n<div>Paseando a finales de invierno entre el Circo M\u00e1ximo y los Foros Imperiales era imposible no notar las danzas a\u00e9reas de una pareja de halcones peregrinos (Falco peregrinus). Tras avistar varias veces el macho y la hembra sobre la pared del Estadio Palatino y tras una observaci\u00f3n atenta, pudimos identificar un posible punto de nidificaci\u00f3n en una ventana entre los ladrillos. La apertura por los dos lados no parec\u00eda el lugar ideal y sin embargo el comportamiento de los adultos era el de una pareja en reproducci\u00f3n. La reciente observaci\u00f3n de un joven halc\u00f3n junto a la pareja confirm\u00f3, casi con total seguridad, la nidificaci\u00f3n.<\/div>\n<div><\/div>\n<div><\/div>\n<p>&nbsp;<\/p>\n<div><img decoding=\"async\" loading=\"lazy\" class=\"aligncenter wp-image-25406 size-large\" src=\"https:\/\/colosseo.it\/sito\/wp-content\/uploads\/2021\/06\/pellegrino_web-1024x518.jpg\" alt=\"\" width=\"1024\" height=\"518\" srcset=\"https:\/\/colosseo.it\/sito\/wp-content\/uploads\/2021\/06\/pellegrino_web-1024x518.jpg 1024w, https:\/\/colosseo.it\/sito\/wp-content\/uploads\/2021\/06\/pellegrino_web-300x152.jpg 300w, https:\/\/colosseo.it\/sito\/wp-content\/uploads\/2021\/06\/pellegrino_web-768x389.jpg 768w, https:\/\/colosseo.it\/sito\/wp-content\/uploads\/2021\/06\/pellegrino_web-1977x1000.jpg 1977w\" sizes=\"(max-width: 1024px) 100vw, 1024px\" \/><\/div>\n<div><\/div>\n<div><\/div>\n<p>&nbsp;<\/p>\n<h3><strong>\u00bfPor qu\u00e9 \u00abSpectio\u00bb?<\/strong><\/h3>\n<p>La <em>spectio<\/em>, en la Roma de los or\u00edgenes, era <strong>la observaci\u00f3n ritual del vuelo de las aves<\/strong> y de otros fen\u00f3menos que permit\u00edan tomar los auspicios, es decir, predecir el futuro. Para respetar el ritual, la<em> spectio<\/em> ten\u00eda que llevarse a cabo en un espacio sagrado espec\u00edfico, el <strong><em>auguraculum<\/em><\/strong>. Se desconoce su forma arquitect\u00f3nica, siempre que tuviese una, puesto que es posible que fuera simplemente un \u00e1rea sagrada inaugurada, es decir, orientada respecto a los puntos cardinales, quiz\u00e1 sobre un plano elevado.<\/p>\n<p>La <em>spectio<\/em> m\u00e1s famosa de la historia es probablemente aquella en la que se desafiaron R\u00f3mulo y Remo para decidir en qu\u00e9 monte fundar la futura Ciudad Eterna, el primero situ\u00e1ndose en la <em><strong>auguratorium<\/strong><\/em>en un punto a sureste del Palatino y el segundo en el Aventino.<\/p>\n<div>Por eso nos ha parecido natural llamar as\u00ed a nuestro proyecto de observaci\u00f3n de los animales y, en especial, de las aves.<\/div>\n<div><\/div>\n<div><\/div>\n<div>\n<div><img decoding=\"async\" loading=\"lazy\" class=\"aligncenter wp-image-21193 size-large\" src=\"https:\/\/colosseo.it\/sito\/wp-content\/uploads\/2021\/01\/gheppio-statua-1024x683.jpg\" alt=\"\" width=\"1024\" height=\"683\" srcset=\"https:\/\/colosseo.it\/sito\/wp-content\/uploads\/2021\/01\/gheppio-statua-1024x683.jpg 1024w, https:\/\/colosseo.it\/sito\/wp-content\/uploads\/2021\/01\/gheppio-statua-300x200.jpg 300w, https:\/\/colosseo.it\/sito\/wp-content\/uploads\/2021\/01\/gheppio-statua-768x512.jpg 768w, https:\/\/colosseo.it\/sito\/wp-content\/uploads\/2021\/01\/gheppio-statua-1500x1000.jpg 1500w\" sizes=\"(max-width: 1024px) 100vw, 1024px\" \/><\/div>\n<div>__________________________________________________________________________________________________________<\/div>\n<div><em><strong>SPECTIO<\/strong><\/em><\/div>\n<div>Un proyecto del <a href=\"https:\/\/colosseo.it\/education\/\"><strong>Servicio de Educaci\u00f3n Did\u00e1ctica y Formaci\u00f3n<\/strong><\/a> con <a href=\"https:\/\/www.ornisitalica.com\/\"><strong>Ornis Italica<\/strong><\/a><\/div>\n<div>Dirigido por Andrea Schiappelli. Textos de la p\u00e1gina web: Andrea Schiappelli, Giacomo Dell&#8217;Omo y Valeria Jennings.<\/div>\n<div>Foto e infograf\u00eda: Gianluca Damiani, Andrea Benvenuti; Archivo PArCo (<em>secci\u00f3n Galer\u00eda<\/em>).<\/div>\n<div>correo electr\u00f3nico: pa-colosseo.didattica@beniculturali.it<\/div>\n<div>tel. mov. 331.6739888<\/div>\n<div>__________________________________________________________________________________________________________<\/div>\n<\/div>\n<div><\/div>\n<h2>Galer\u00eda<\/h2>\n<p><img decoding=\"async\" loading=\"lazy\" class=\"aligncenter wp-image-21713 size-large\" src=\"https:\/\/colosseo.it\/sito\/wp-content\/uploads\/2021\/02\/gallery_1-1024x424.jpg\" alt=\"\" width=\"1024\" height=\"424\" srcset=\"https:\/\/colosseo.it\/sito\/wp-content\/uploads\/2021\/02\/gallery_1-1024x424.jpg 1024w, https:\/\/colosseo.it\/sito\/wp-content\/uploads\/2021\/02\/gallery_1-300x124.jpg 300w, https:\/\/colosseo.it\/sito\/wp-content\/uploads\/2021\/02\/gallery_1-768x318.jpg 768w, https:\/\/colosseo.it\/sito\/wp-content\/uploads\/2021\/02\/gallery_1-2000x827.jpg 2000w\" sizes=\"(max-width: 1024px) 100vw, 1024px\" \/><\/p>\n<p><img decoding=\"async\" loading=\"lazy\" class=\"aligncenter wp-image-21890 size-large\" src=\"https:\/\/colosseo.it\/sito\/wp-content\/uploads\/2021\/02\/gallery_2-1024x424.jpg\" alt=\"\" width=\"1024\" height=\"424\" srcset=\"https:\/\/colosseo.it\/sito\/wp-content\/uploads\/2021\/02\/gallery_2-1024x424.jpg 1024w, https:\/\/colosseo.it\/sito\/wp-content\/uploads\/2021\/02\/gallery_2-300x124.jpg 300w, https:\/\/colosseo.it\/sito\/wp-content\/uploads\/2021\/02\/gallery_2-768x318.jpg 768w, https:\/\/colosseo.it\/sito\/wp-content\/uploads\/2021\/02\/gallery_2-2000x827.jpg 2000w\" sizes=\"(max-width: 1024px) 100vw, 1024px\" \/><\/p>\n<p><img decoding=\"async\" loading=\"lazy\" class=\"aligncenter wp-image-21886 size-large\" src=\"https:\/\/colosseo.it\/sito\/wp-content\/uploads\/2021\/02\/gallery_3-1024x424.jpg\" alt=\"\" width=\"1024\" height=\"424\" srcset=\"https:\/\/colosseo.it\/sito\/wp-content\/uploads\/2021\/02\/gallery_3-1024x424.jpg 1024w, https:\/\/colosseo.it\/sito\/wp-content\/uploads\/2021\/02\/gallery_3-300x124.jpg 300w, https:\/\/colosseo.it\/sito\/wp-content\/uploads\/2021\/02\/gallery_3-768x318.jpg 768w, https:\/\/colosseo.it\/sito\/wp-content\/uploads\/2021\/02\/gallery_3-2000x827.jpg 2000w\" sizes=\"(max-width: 1024px) 100vw, 1024px\" \/><\/p>\n<p>&nbsp;<\/p>\n<p>Foto Archivio PArCo (D. Garritano, M. Iacono, C. Maggiore, M. Menichetti, S. Murrone, B. Nazzaro, M.G. Picca, A. Pujia, L. Rieti, M. Subissi)<\/p>\n","protected":false},"excerpt":{"rendered":"<p>Quienes visitan el PArCo por primera vez se sorprenden positivamente ante el verde y el gran n\u00famero de plantas y flores que en todas las estaciones le dan color. Un verde que desde hace siglos es el hogar de una nutrida fauna compuesta por peque\u00f1os mam\u00edferos, reptiles, insectos y, sobre todo, aves que seguramente son<a class=\"excerpt-read-more\" href=\"https:\/\/colosseo.it\/es\/parco-green\/el-proyecto-spectio\/\" title=\"ReadEl proyecto SPECTIO\">&#8230; Read more &raquo;<\/a><\/p>\n","protected":false},"author":9,"featured_media":21169,"parent":27204,"menu_order":0,"comment_status":"closed","ping_status":"closed","template":"page-parco_green.php","meta":[],"acf":[],"_links":{"self":[{"href":"https:\/\/colosseo.it\/es\/wp-json\/wp\/v2\/pages\/27208"}],"collection":[{"href":"https:\/\/colosseo.it\/es\/wp-json\/wp\/v2\/pages"}],"about":[{"href":"https:\/\/colosseo.it\/es\/wp-json\/wp\/v2\/types\/page"}],"author":[{"embeddable":true,"href":"https:\/\/colosseo.it\/es\/wp-json\/wp\/v2\/users\/9"}],"replies":[{"embeddable":true,"href":"https:\/\/colosseo.it\/es\/wp-json\/wp\/v2\/comments?post=27208"}],"version-history":[{"count":1,"href":"https:\/\/colosseo.it\/es\/wp-json\/wp\/v2\/pages\/27208\/revisions"}],"predecessor-version":[{"id":27264,"href":"https:\/\/colosseo.it\/es\/wp-json\/wp\/v2\/pages\/27208\/revisions\/27264"}],"up":[{"embeddable":true,"href":"https:\/\/colosseo.it\/es\/wp-json\/wp\/v2\/pages\/27204"}],"wp:featuredmedia":[{"embeddable":true,"href":"https:\/\/colosseo.it\/es\/wp-json\/wp\/v2\/media\/21169"}],"wp:attachment":[{"href":"https:\/\/colosseo.it\/es\/wp-json\/wp\/v2\/media?parent=27208"}],"curies":[{"name":"wp","href":"https:\/\/api.w.org\/{rel}","templated":true}]}}