	
    {"id":7517,"date":"2019-10-04T10:55:59","date_gmt":"2019-10-04T08:55:59","guid":{"rendered":"https:\/\/colosseo.it\/proyectos-asl-ao-escolar-2017-2018\/"},"modified":"2020-02-26T10:47:36","modified_gmt":"2020-02-26T09:47:36","slug":"proyectos-asl-ao-escolar-2017-2018","status":"publish","type":"page","link":"https:\/\/colosseo.it\/es\/proyectos-asl-ao-escolar-2017-2018\/","title":{"rendered":"Proyectos ASL a&ntilde;o escolar 2017-2018"},"content":{"rendered":"<h2><strong>Proyecto \u00abCivitas Universalis\u00bb<\/strong><\/h2>\n<p><strong>Objetivos del proyecto<\/strong>: descubrimiento de la plaza del Foro y de sus monumentos, desde el final de la \u00e9poca ces\u00e1rea a la aug\u00fastea.<\/p>\n<p>Los estudiantes deber\u00e1n realizar:<\/p>\n<p>&#8211; una redacci\u00f3n sobre un aspecto que les haya impresionado o una historia o un mito que hayan escuchado;<\/p>\n<p>&#8211; un dibujo de un detalle o de los monumentos estudiados;<\/p>\n<p>&#8211; una historieta\u00a0en c\u00f3mic con an\u00e9cdotas o aspectos de la vida cotidiana de la antigua Roma;<\/p>\n<p>&#8211; un breve v\u00eddeo sobre su experiencia en los yacimientos o de un itinerario dentro de la plaza del Foro Romano.<\/p>\n<p>El material que elaboren los alumnos se sumar\u00e1 a los materiales did\u00e1cticos del futuro Museo del Foro, a\u00fan en construcci\u00f3n.<\/p>\n<h3><strong>Institutos que han participado y materiales aportados por los alumnos:<\/strong><\/h3>\n<ul>\n<li>Liceo Classico \u00ab<strong>ORAZIO<\/strong>\u00bb (grupo compuesto por varias secciones):<br \/>\n&#8211; \u00ab<a href=\"https:\/\/colosseo.it\/sito\/wp-content\/uploads\/2019\/06\/Il-Tempio-dei-Castori.pdf\">El Templo de C\u00e1stor y P\u00f3lux<\/a>\u00bb (ppt)<br \/>\n&#8211; \u00ab<a href=\"https:\/\/youtu.be\/gGdnq4eIq5g\">La Curia en el Foro Romano<\/a>\u00bb (v\u00eddeo)<br \/>\n&#8211; \u00abEl Foro Romano\u00bb (videodocumental)<\/li>\n<li>IIS \u00ab<strong>SILVESTRI<\/strong>\u00bb- \u00abLiceo Scientifico <strong>MALPIGHI<\/strong>\u00bb (clase IV B):<br \/>\n&#8211; <a href=\"https:\/\/colosseo.it\/sito\/wp-content\/uploads\/2019\/06\/Basilica-Giulia_Le-Fonti.pdf\">La Bas\u00edlica Julia: las Fuentes<\/a> (ppt)<br \/>\n&#8211; <a href=\"https:\/\/youtu.be\/dCbyvtGGEgU\">La Bas\u00edlica Julia en el Foro Romano: la historia<\/a> (videodocumental)<br \/>\n&#8211; <a href=\"https:\/\/colosseo.it\/sito\/wp-content\/uploads\/2019\/06\/Basilica-Giulia-Larchitettura.pdf\">Bas\u00edlica Julia La arquitectura<\/a> (ppt)<br \/>\n&#8211; <a href=\"https:\/\/colosseo.it\/sito\/wp-content\/uploads\/2019\/06\/Le-tabulae-lusoriae-della-Basilica-Giulia.pdf\">Las tabulae lusoriae de la Bas\u00edlica Julia<\/a> (realizaci\u00f3n de dos <em>tabulae lusoriae<\/em> por los estudiantes y ppt con su presentaci\u00f3n)<\/li>\n<\/ul>\n<p>&nbsp;<\/p>\n<h2><strong>Proyecto \u00abLa bibliotec@ multimedia del Foro Romano-Palatino\u00bb<\/strong><\/h2>\n<p><strong>\u00a0<\/strong><strong>Objetivos del proyecto: <\/strong>Partiendo de la Colecci\u00f3n Boni, dise\u00f1ar y desarrollar materiales did\u00e1cticos para una exposici\u00f3n virtual sobre el Foro Romano que tenga como tema los principales monumentos de la plaza o ideas hist\u00f3rico-culturales relacionadas con el material consultado.<\/p>\n<p>Crear un hipertexto que vincule im\u00e1genes del Foro Romano con visiones hist\u00f3ricas y culturales relacionadas con las distintas fases de la zona o con fuentes literarias antiguas.<\/p>\n<h3>Institutos que han participado y materiales aportados por los alumnos:<\/h3>\n<ul>\n<li>Liceo Scientifico \u00ab<strong>SAN FRANCESCO<\/strong>\u00bb (clase IV secc. I):<br \/>\n&#8211; <a href=\"https:\/\/colosseo.it\/sito\/wp-content\/uploads\/2019\/06\/Lo-sport-in-Grecia-e-a-Roma-1.pdf\">El deporte en Grecia y Roma<\/a> (ppt).<br \/>\n<a href=\"https:\/\/youtu.be\/op_denBrwpg\">&#8211; Peinados en la \u00e9poca romana. &#8211; Tutorial <\/a>(videotutorial sobre c\u00f3mo hacer un peinado de la \u00e9poca romana y en nuestros d\u00edas).<br \/>\n&#8211; <a href=\"https:\/\/colosseo.it\/sito\/wp-content\/uploads\/2019\/06\/L_Harpastum.pdf\">El harpastum<\/a> (ppt sobre la comparaci\u00f3n del deporte romano del <em>harpastum<\/em> y el rugby americano).<br \/>\n&#8211; <a href=\"https:\/\/youtu.be\/gQV_DLkoH8Y\">Entrevista con Augusto y Livia<\/a> (videoentrevista al estilo de \u00abLe Iene\u00bb).<\/li>\n<li>IIS \u00ab<strong>SILVESTRI<\/strong>\u00bb \u2013 Liceo Scientifico \u00ab<strong>MALPIGHI<\/strong>\u00bb (clase III D):<br \/>\n&#8211; <a href=\"https:\/\/colosseo.it\/sito\/wp-content\/uploads\/2019\/06\/Il-Lacus-Curtius-1.pdf\">El lago Curcio<\/a> (ppt).<br \/>\n&#8211; <a href=\"https:\/\/colosseo.it\/sito\/wp-content\/uploads\/2019\/06\/La-Fonte-di-Giuturna.pdf\">La Fuente de Juturna<\/a> (ppt con dibujos a mano alzada sobre el mito de Juturna).<br \/>\n&#8211; <a href=\"https:\/\/colosseo.it\/sito\/wp-content\/uploads\/2019\/06\/Giulio-Cesare-e-il-Tempio-del-Divo-Giulio-1.pdf\">Julio C\u00e9sar y el Templo del Divino Julio<\/a> (ppt).<br \/>\n&#8211; <a href=\"https:\/\/youtu.be\/0LPuhXvtOQ8\">La s\u00e1tira IX de Horacio<\/a> (v\u00eddeo con dramatizaci\u00f3n en traducci\u00f3n italiana realizada por los estudiantes).<\/li>\n<\/ul>\n","protected":false},"excerpt":{"rendered":"<p>Proyecto \u00abCivitas Universalis\u00bb Objetivos del proyecto: descubrimiento de la plaza del Foro y de sus monumentos, desde el final de la \u00e9poca ces\u00e1rea a la aug\u00fastea. Los estudiantes deber\u00e1n realizar: &#8211; una redacci\u00f3n sobre un aspecto que les haya impresionado o una historia o un mito que hayan escuchado; &#8211; un dibujo de un detalle<a class=\"excerpt-read-more\" href=\"https:\/\/colosseo.it\/es\/proyectos-asl-ao-escolar-2017-2018\/\" title=\"ReadProyectos ASL a&ntilde;o escolar 2017-2018\">&#8230; Read more &raquo;<\/a><\/p>\n","protected":false},"author":1,"featured_media":0,"parent":0,"menu_order":219,"comment_status":"closed","ping_status":"closed","template":"","meta":[],"acf":[],"_links":{"self":[{"href":"https:\/\/colosseo.it\/es\/wp-json\/wp\/v2\/pages\/7517"}],"collection":[{"href":"https:\/\/colosseo.it\/es\/wp-json\/wp\/v2\/pages"}],"about":[{"href":"https:\/\/colosseo.it\/es\/wp-json\/wp\/v2\/types\/page"}],"author":[{"embeddable":true,"href":"https:\/\/colosseo.it\/es\/wp-json\/wp\/v2\/users\/1"}],"replies":[{"embeddable":true,"href":"https:\/\/colosseo.it\/es\/wp-json\/wp\/v2\/comments?post=7517"}],"version-history":[{"count":4,"href":"https:\/\/colosseo.it\/es\/wp-json\/wp\/v2\/pages\/7517\/revisions"}],"predecessor-version":[{"id":12725,"href":"https:\/\/colosseo.it\/es\/wp-json\/wp\/v2\/pages\/7517\/revisions\/12725"}],"wp:attachment":[{"href":"https:\/\/colosseo.it\/es\/wp-json\/wp\/v2\/media?parent=7517"}],"curies":[{"name":"wp","href":"https:\/\/api.w.org\/{rel}","templated":true}]}}