	
    {"id":11824,"date":"2020-01-08T18:00:52","date_gmt":"2020-01-08T17:00:52","guid":{"rendered":"https:\/\/colosseo.it\/evento\/carthage-ou-la-memoire-des-pierres-fotografas-de-marianne-catzaras-del-17-de-diciembre-al-29-de-marzo-de-2020\/"},"modified":"2020-02-26T12:39:13","modified_gmt":"2020-02-26T11:39:13","slug":"carthage-ou-la-memoire-des-pierres-fotografas-de-marianne-catzaras-del-17-de-diciembre-al-29-de-marzo-de-2020","status":"publish","type":"tribe_events","link":"https:\/\/colosseo.it\/es\/evento\/carthage-ou-la-memoire-des-pierres-fotografas-de-marianne-catzaras-del-17-de-diciembre-al-29-de-marzo-de-2020\/","title":{"rendered":"Carthage ou la memoire des pierres. Fotograf&iacute;as de Marianne Catzaras. Del 17 de diciembre al 29 de marzo de 2020"},"content":{"rendered":"<p>Una nueva cita en el Parque Arqueol\u00f3gico del Coliseo con la <strong>cultura tunecina<\/strong> el martes 17 de diciembre de 2019 a las 11:00 h: <strong><em>Carthage ou la memoire des pierres<\/em><\/strong>, exposici\u00f3n fotogr\u00e1fica de la artista de origen greco-tunecina <strong>Marianne Catzaras<\/strong>. Doce fotograf\u00edas en blanco y negro, realizadas durante su \u00faltimo a\u00f1o en T\u00fanez, se expondr\u00e1n en el contexto de la exposici\u00f3n <em>Cartago. El mito inmortal<\/em>, hasta el 29 de marzo de 2020.<\/p>\n<p>La exposici\u00f3n, de car\u00e1cter contempor\u00e1neo e instalada en la <strong>Rampa Imperial del Foro Romano<\/strong>, forma parte de la secci\u00f3n de la exposici\u00f3n que narra la refundaci\u00f3n de la nueva <em>Colonia Concordia Iulia Carthago<\/em>, tras la destrucci\u00f3n sucesiva en la Tercera Guerra P\u00fanica: una ciudad monumental, con edificios para espect\u00e1culos y lujosas residencias particulares, famosas por la riqueza de sus mosaicos. Aqu\u00ed se exponen mosaicos extraordinarios como la \u201cDama de Cartago\u201d.<\/p>\n<p>Justo al final del recorrido de la exposici\u00f3n <em>Cartago. El mito inmortal, <\/em>parec\u00eda que faltaba una pieza para completar la narraci\u00f3n de lo que ha llegado hasta nuestros d\u00edas de la metr\u00f3polis del Mediterr\u00e1neo, que no vive solo en el imaginario sino que sigue respirando y comunicando desde la inmovilidad de sus piedras.<\/p>\n<p><em>Carthage ou la memoire des pierres<\/em> nace del deseo de narrar a trav\u00e9s de las im\u00e1genes y las fotograf\u00edas de una artista con <em>identidad plural<\/em> \u2013como ella misma ama definirse\u2013 el concepto de inmortalidad de Cartago, el valor profundo de la cultura del Mediterr\u00e1neo, el deseo de creer en la diversidad y de mezclar las huellas.<\/p>\n<p><a href=\"https:\/\/colosseo.it\/sito\/wp-content\/uploads\/2019\/12\/Invito-17-dicembre-2019.jpg\">DESCARGA LA INVITACI\u00d3N<\/a><\/p>\n","protected":false},"excerpt":{"rendered":"<p>En la Rampa Imperial del Foro Romano se exhibe la exposici&oacute;n fotogr&aacute;fica personal de Marianne Catzaras dentro del contexto de la exposici&oacute;n &quot;Cartago. El mito inmortal&quot;. Hasta el 29 de marzo de 2020<\/p>\n","protected":false},"author":4,"featured_media":11370,"template":"","meta":[],"tags":[],"location_evento":[113],"tribe_events_cat":[66],"acf":[],"_links":{"self":[{"href":"https:\/\/colosseo.it\/es\/wp-json\/wp\/v2\/tribe_events\/11824"}],"collection":[{"href":"https:\/\/colosseo.it\/es\/wp-json\/wp\/v2\/tribe_events"}],"about":[{"href":"https:\/\/colosseo.it\/es\/wp-json\/wp\/v2\/types\/tribe_events"}],"author":[{"embeddable":true,"href":"https:\/\/colosseo.it\/es\/wp-json\/wp\/v2\/users\/4"}],"version-history":[{"count":2,"href":"https:\/\/colosseo.it\/es\/wp-json\/wp\/v2\/tribe_events\/11824\/revisions"}],"predecessor-version":[{"id":12738,"href":"https:\/\/colosseo.it\/es\/wp-json\/wp\/v2\/tribe_events\/11824\/revisions\/12738"}],"wp:featuredmedia":[{"embeddable":true,"href":"https:\/\/colosseo.it\/es\/wp-json\/wp\/v2\/media\/11370"}],"wp:attachment":[{"href":"https:\/\/colosseo.it\/es\/wp-json\/wp\/v2\/media?parent=11824"}],"wp:term":[{"taxonomy":"post_tag","embeddable":true,"href":"https:\/\/colosseo.it\/es\/wp-json\/wp\/v2\/tags?post=11824"},{"taxonomy":"location_evento","embeddable":true,"href":"https:\/\/colosseo.it\/es\/wp-json\/wp\/v2\/location_evento?post=11824"},{"taxonomy":"tribe_events_cat","embeddable":true,"href":"https:\/\/colosseo.it\/es\/wp-json\/wp\/v2\/tribe_events_cat?post=11824"}],"curies":[{"name":"wp","href":"https:\/\/api.w.org\/{rel}","templated":true}]}}