	
    {"id":44551,"date":"2024-02-13T12:50:38","date_gmt":"2024-02-13T11:50:38","guid":{"rendered":"https:\/\/colosseo.it\/?post_type=tribe_events&#038;p=44551"},"modified":"2024-03-04T13:53:36","modified_gmt":"2024-03-04T12:53:36","slug":"la-colonna-traiana-la-historia-de-un-simbolo","status":"publish","type":"tribe_events","link":"https:\/\/colosseo.it\/es\/evento\/la-colonna-traiana-la-historia-de-un-simbolo\/","title":{"rendered":"La Colonna Traiana. La historia de un s\u00edmbolo"},"content":{"rendered":"<p style=\"text-align: justify;\">La exposici\u00f3n \u00ab<strong>La Colonna Traiana. La historia de un s\u00edmbolo<\/strong>\u00ab, organizada y promovida por el Parque Arqueol\u00f3gico del Coliseo y el Museo Galileo &#8211; Instituto y Museo de Historia de la Ciencia bajo la curadur\u00eda de Alfonsina Russo, Federica Rinaldi, Angelica Pujia y Giovanni Di Pasquale estar\u00e1 abierta del 22 de diciembre de 2023 al 30 de abril de 2024 en el segundo orden del Coliseo.<\/p>\n<p>La Columna de Trajano se inaugur\u00f3 el 12 de mayo de 113 d.C., hace 1910 a\u00f1os. Desde su dise\u00f1o y construcci\u00f3n, la Columna represent\u00f3 un desaf\u00edo para el ingenio humano: la extracci\u00f3n del m\u00e1rmol de la cantera de Carrara, su transporte por tierra, mar y r\u00edo, y finalmente su fabricaci\u00f3n y erecci\u00f3n en el Foro de Trajano representaron las etapas de un audaz proceso de ingenier\u00eda y tecnolog\u00eda que a\u00fan hoy es fuente de asombro y maravilla. En los siglos siguientes, gracias a su fortuna y a los numerosos intentos de replicarla, dise\u00f1arla y reproducirla, se convirti\u00f3 en un s\u00edmbolo universal que inspir\u00f3 a emperadores, papas y soberanos. La exposici\u00f3n narra y explica esta funci\u00f3n simb\u00f3lica con dos registros narrativos: el m\u00e1s propiamente hist\u00f3rico y art\u00edstico, con la audaz reconstrucci\u00f3n del friso a escala 1:1, cuyas espirales serpentean alrededor de los pilares del Coliseo, y el m\u00e1s espec\u00edficamente t\u00e9cnico, con las etapas del transporte y el trabajo del m\u00e1rmol, hasta la idolatr\u00eda y el uso pol\u00edtico de los soberanos de Europa que exigieron su reproducci\u00f3n mediante reproducciones y calcos.<\/p>\n<p style=\"text-align: justify;\">Para comprender plenamente el proceso de construcci\u00f3n de la Columna y con \u00e9l la fatiga y la fuerza muscular de los cientos de hombres que contribuyeron a la realizaci\u00f3n de esta obra maestra indiscutible, se exponen en un Coliseo envuelto en azul las principales herramientas antiguas utilizadas para extraer los bloques de m\u00e1rmol, transportarlos en barco y erigirlos, junto con modelos reconstructivos de las m\u00e1quinas de construcci\u00f3n de la \u00e9poca (gr\u00faas, torres, ruedas), realizados por Claudio Capotondi, un nuevo \u00abMaestro de las Empresas de Trajano\u00bb.<\/p>\n<p style=\"text-align: justify;\">V\u00eddeos y proyecciones en pantalla realizados por el Museo Galileo, junto con atractivos gr\u00e1ficos y textos que superan el tama\u00f1o de los paneles did\u00e1cticos para convertirse en la narraci\u00f3n visual de una \u00fanica historia, ofrecen un relato m\u00e1s did\u00e1ctico, as\u00ed como una mayor comprensi\u00f3n de los objetos expuestos en la exposici\u00f3n. Tambi\u00e9n contribuye a la narraci\u00f3n permanente de la Columna una webAPP en italiano e ingl\u00e9s y, gracias a la valiosa implicaci\u00f3n y colaboraci\u00f3n de la Embajada de Ruman\u00eda, tambi\u00e9n en rumano.<\/p>\n\n\t\n\t\t<div id='gallery-1' class='gallery galleryid-44551 gallery-columns-3 gallery-size-full'><dl class='gallery-item'>\n\t\t<dt class='gallery-icon landscape'>\n\t\t\t<a href='https:\/\/colosseo.it\/es\/press_kit\/colonna-traiana-mostra\/colonna-traiana_mostra-colosseo_veduta-generale_6_archivio-parco-archeologico-colosseo-2\/'><img width=\"2560\" height=\"1707\" src=\"https:\/\/colosseo.it\/sito\/wp-content\/uploads\/2023\/12\/Colonna-Traiana_mostra-Colosseo_veduta-generale_6_Archivio-Parco-archeologico-Colosseo-scaled.jpg\" class=\"attachment-full size-full\" alt=\"\" decoding=\"async\" loading=\"lazy\" srcset=\"https:\/\/colosseo.it\/sito\/wp-content\/uploads\/2023\/12\/Colonna-Traiana_mostra-Colosseo_veduta-generale_6_Archivio-Parco-archeologico-Colosseo-scaled.jpg 2560w, https:\/\/colosseo.it\/sito\/wp-content\/uploads\/2023\/12\/Colonna-Traiana_mostra-Colosseo_veduta-generale_6_Archivio-Parco-archeologico-Colosseo-300x200.jpg 300w, https:\/\/colosseo.it\/sito\/wp-content\/uploads\/2023\/12\/Colonna-Traiana_mostra-Colosseo_veduta-generale_6_Archivio-Parco-archeologico-Colosseo-1024x683.jpg 1024w, https:\/\/colosseo.it\/sito\/wp-content\/uploads\/2023\/12\/Colonna-Traiana_mostra-Colosseo_veduta-generale_6_Archivio-Parco-archeologico-Colosseo-768x512.jpg 768w, https:\/\/colosseo.it\/sito\/wp-content\/uploads\/2023\/12\/Colonna-Traiana_mostra-Colosseo_veduta-generale_6_Archivio-Parco-archeologico-Colosseo-1536x1024.jpg 1536w, https:\/\/colosseo.it\/sito\/wp-content\/uploads\/2023\/12\/Colonna-Traiana_mostra-Colosseo_veduta-generale_6_Archivio-Parco-archeologico-Colosseo-2048x1365.jpg 2048w, https:\/\/colosseo.it\/sito\/wp-content\/uploads\/2023\/12\/Colonna-Traiana_mostra-Colosseo_veduta-generale_6_Archivio-Parco-archeologico-Colosseo-1500x1000.jpg 1500w, https:\/\/colosseo.it\/sito\/wp-content\/uploads\/2023\/12\/Colonna-Traiana_mostra-Colosseo_veduta-generale_6_Archivio-Parco-archeologico-Colosseo-1920x1280.jpg 1920w\" sizes=\"(max-width: 2560px) 100vw, 2560px\" \/><\/a>\n\t\t<\/dt><\/dl><dl class='gallery-item'>\n\t\t<dt class='gallery-icon landscape'>\n\t\t\t<a href='https:\/\/colosseo.it\/es\/press_kit\/colonna-traiana-mostra\/in-primo-piano-calco-del-busto-di-apollodoro_museo-della-civilta-romama-2\/'><img width=\"2560\" height=\"1707\" src=\"https:\/\/colosseo.it\/sito\/wp-content\/uploads\/2023\/12\/In-primo-piano-calco-del-Busto-di-Apollodoro_Museo-della-Civilta-Romama-scaled.jpg\" class=\"attachment-full size-full\" alt=\"\" decoding=\"async\" loading=\"lazy\" srcset=\"https:\/\/colosseo.it\/sito\/wp-content\/uploads\/2023\/12\/In-primo-piano-calco-del-Busto-di-Apollodoro_Museo-della-Civilta-Romama-scaled.jpg 2560w, https:\/\/colosseo.it\/sito\/wp-content\/uploads\/2023\/12\/In-primo-piano-calco-del-Busto-di-Apollodoro_Museo-della-Civilta-Romama-300x200.jpg 300w, https:\/\/colosseo.it\/sito\/wp-content\/uploads\/2023\/12\/In-primo-piano-calco-del-Busto-di-Apollodoro_Museo-della-Civilta-Romama-1024x683.jpg 1024w, https:\/\/colosseo.it\/sito\/wp-content\/uploads\/2023\/12\/In-primo-piano-calco-del-Busto-di-Apollodoro_Museo-della-Civilta-Romama-768x512.jpg 768w, https:\/\/colosseo.it\/sito\/wp-content\/uploads\/2023\/12\/In-primo-piano-calco-del-Busto-di-Apollodoro_Museo-della-Civilta-Romama-1536x1024.jpg 1536w, https:\/\/colosseo.it\/sito\/wp-content\/uploads\/2023\/12\/In-primo-piano-calco-del-Busto-di-Apollodoro_Museo-della-Civilta-Romama-2048x1365.jpg 2048w, https:\/\/colosseo.it\/sito\/wp-content\/uploads\/2023\/12\/In-primo-piano-calco-del-Busto-di-Apollodoro_Museo-della-Civilta-Romama-1500x1000.jpg 1500w, https:\/\/colosseo.it\/sito\/wp-content\/uploads\/2023\/12\/In-primo-piano-calco-del-Busto-di-Apollodoro_Museo-della-Civilta-Romama-1920x1280.jpg 1920w\" sizes=\"(max-width: 2560px) 100vw, 2560px\" \/><\/a>\n\t\t<\/dt><\/dl><dl class='gallery-item'>\n\t\t<dt class='gallery-icon landscape'>\n\t\t\t<a href='https:\/\/colosseo.it\/es\/press_kit\/colonna-traiana-mostra\/modelli-in-scala-del-ponte-sul-danubio_museo-della-civilta-romana-2\/'><img width=\"2560\" height=\"1707\" src=\"https:\/\/colosseo.it\/sito\/wp-content\/uploads\/2023\/12\/Modelli-in-scala-del-Ponte-sul-Danubio_Museo-della-Civilta-Romana-scaled.jpg\" class=\"attachment-full size-full\" alt=\"\" decoding=\"async\" loading=\"lazy\" srcset=\"https:\/\/colosseo.it\/sito\/wp-content\/uploads\/2023\/12\/Modelli-in-scala-del-Ponte-sul-Danubio_Museo-della-Civilta-Romana-scaled.jpg 2560w, https:\/\/colosseo.it\/sito\/wp-content\/uploads\/2023\/12\/Modelli-in-scala-del-Ponte-sul-Danubio_Museo-della-Civilta-Romana-300x200.jpg 300w, https:\/\/colosseo.it\/sito\/wp-content\/uploads\/2023\/12\/Modelli-in-scala-del-Ponte-sul-Danubio_Museo-della-Civilta-Romana-1024x683.jpg 1024w, https:\/\/colosseo.it\/sito\/wp-content\/uploads\/2023\/12\/Modelli-in-scala-del-Ponte-sul-Danubio_Museo-della-Civilta-Romana-768x512.jpg 768w, https:\/\/colosseo.it\/sito\/wp-content\/uploads\/2023\/12\/Modelli-in-scala-del-Ponte-sul-Danubio_Museo-della-Civilta-Romana-1536x1024.jpg 1536w, https:\/\/colosseo.it\/sito\/wp-content\/uploads\/2023\/12\/Modelli-in-scala-del-Ponte-sul-Danubio_Museo-della-Civilta-Romana-2048x1365.jpg 2048w, https:\/\/colosseo.it\/sito\/wp-content\/uploads\/2023\/12\/Modelli-in-scala-del-Ponte-sul-Danubio_Museo-della-Civilta-Romana-1500x1000.jpg 1500w, https:\/\/colosseo.it\/sito\/wp-content\/uploads\/2023\/12\/Modelli-in-scala-del-Ponte-sul-Danubio_Museo-della-Civilta-Romana-1920x1280.jpg 1920w\" sizes=\"(max-width: 2560px) 100vw, 2560px\" \/><\/a>\n\t\t<\/dt><\/dl><br style=\"clear: both\" \/><dl class='gallery-item'>\n\t\t<dt class='gallery-icon landscape'>\n\t\t\t<a href='https:\/\/colosseo.it\/es\/press_kit\/colonna-traiana-mostra\/il-cantiere_scena-di-costruzione_ii-secolo-d-c-_museo-nazionale-romano-2\/'><img width=\"2560\" height=\"1707\" src=\"https:\/\/colosseo.it\/sito\/wp-content\/uploads\/2023\/12\/Il-cantiere_Scena-di-costruzione_II-secolo-d.C._Museo-Nazionale-Romano-scaled.jpg\" class=\"attachment-full size-full\" alt=\"\" decoding=\"async\" loading=\"lazy\" srcset=\"https:\/\/colosseo.it\/sito\/wp-content\/uploads\/2023\/12\/Il-cantiere_Scena-di-costruzione_II-secolo-d.C._Museo-Nazionale-Romano-scaled.jpg 2560w, https:\/\/colosseo.it\/sito\/wp-content\/uploads\/2023\/12\/Il-cantiere_Scena-di-costruzione_II-secolo-d.C._Museo-Nazionale-Romano-300x200.jpg 300w, https:\/\/colosseo.it\/sito\/wp-content\/uploads\/2023\/12\/Il-cantiere_Scena-di-costruzione_II-secolo-d.C._Museo-Nazionale-Romano-1024x683.jpg 1024w, https:\/\/colosseo.it\/sito\/wp-content\/uploads\/2023\/12\/Il-cantiere_Scena-di-costruzione_II-secolo-d.C._Museo-Nazionale-Romano-768x512.jpg 768w, https:\/\/colosseo.it\/sito\/wp-content\/uploads\/2023\/12\/Il-cantiere_Scena-di-costruzione_II-secolo-d.C._Museo-Nazionale-Romano-1536x1024.jpg 1536w, https:\/\/colosseo.it\/sito\/wp-content\/uploads\/2023\/12\/Il-cantiere_Scena-di-costruzione_II-secolo-d.C._Museo-Nazionale-Romano-2048x1365.jpg 2048w, https:\/\/colosseo.it\/sito\/wp-content\/uploads\/2023\/12\/Il-cantiere_Scena-di-costruzione_II-secolo-d.C._Museo-Nazionale-Romano-1500x1000.jpg 1500w, https:\/\/colosseo.it\/sito\/wp-content\/uploads\/2023\/12\/Il-cantiere_Scena-di-costruzione_II-secolo-d.C._Museo-Nazionale-Romano-1920x1280.jpg 1920w\" sizes=\"(max-width: 2560px) 100vw, 2560px\" \/><\/a>\n\t\t<\/dt><\/dl><dl class='gallery-item'>\n\t\t<dt class='gallery-icon landscape'>\n\t\t\t<a href='https:\/\/colosseo.it\/es\/press_kit\/colonna-traiana-mostra\/il-cantiere_manovella-da-august-i-sec-d-c-2\/'><img width=\"2560\" height=\"1707\" src=\"https:\/\/colosseo.it\/sito\/wp-content\/uploads\/2023\/12\/Il-cantiere_Manovella-da-August-I-sec.-d.C-scaled.jpg\" class=\"attachment-full size-full\" alt=\"\" decoding=\"async\" loading=\"lazy\" srcset=\"https:\/\/colosseo.it\/sito\/wp-content\/uploads\/2023\/12\/Il-cantiere_Manovella-da-August-I-sec.-d.C-scaled.jpg 2560w, https:\/\/colosseo.it\/sito\/wp-content\/uploads\/2023\/12\/Il-cantiere_Manovella-da-August-I-sec.-d.C-300x200.jpg 300w, https:\/\/colosseo.it\/sito\/wp-content\/uploads\/2023\/12\/Il-cantiere_Manovella-da-August-I-sec.-d.C-1024x683.jpg 1024w, https:\/\/colosseo.it\/sito\/wp-content\/uploads\/2023\/12\/Il-cantiere_Manovella-da-August-I-sec.-d.C-768x512.jpg 768w, https:\/\/colosseo.it\/sito\/wp-content\/uploads\/2023\/12\/Il-cantiere_Manovella-da-August-I-sec.-d.C-1536x1024.jpg 1536w, https:\/\/colosseo.it\/sito\/wp-content\/uploads\/2023\/12\/Il-cantiere_Manovella-da-August-I-sec.-d.C-2048x1365.jpg 2048w, https:\/\/colosseo.it\/sito\/wp-content\/uploads\/2023\/12\/Il-cantiere_Manovella-da-August-I-sec.-d.C-1500x1000.jpg 1500w, https:\/\/colosseo.it\/sito\/wp-content\/uploads\/2023\/12\/Il-cantiere_Manovella-da-August-I-sec.-d.C-1920x1280.jpg 1920w\" sizes=\"(max-width: 2560px) 100vw, 2560px\" \/><\/a>\n\t\t<\/dt><\/dl><dl class='gallery-item'>\n\t\t<dt class='gallery-icon landscape'>\n\t\t\t<a href='https:\/\/colosseo.it\/es\/press_kit\/colonna-traiana-mostra\/il-cantiere_argano-di-legno_da-ercolano-i-sec-d-c-2\/'><img width=\"2560\" height=\"1707\" src=\"https:\/\/colosseo.it\/sito\/wp-content\/uploads\/2023\/12\/Il-cantiere_Argano-di-legno_Da-Ercolano-I-sec.-d.C-scaled.jpg\" class=\"attachment-full size-full\" alt=\"\" decoding=\"async\" loading=\"lazy\" srcset=\"https:\/\/colosseo.it\/sito\/wp-content\/uploads\/2023\/12\/Il-cantiere_Argano-di-legno_Da-Ercolano-I-sec.-d.C-scaled.jpg 2560w, https:\/\/colosseo.it\/sito\/wp-content\/uploads\/2023\/12\/Il-cantiere_Argano-di-legno_Da-Ercolano-I-sec.-d.C-300x200.jpg 300w, https:\/\/colosseo.it\/sito\/wp-content\/uploads\/2023\/12\/Il-cantiere_Argano-di-legno_Da-Ercolano-I-sec.-d.C-1024x683.jpg 1024w, https:\/\/colosseo.it\/sito\/wp-content\/uploads\/2023\/12\/Il-cantiere_Argano-di-legno_Da-Ercolano-I-sec.-d.C-768x512.jpg 768w, https:\/\/colosseo.it\/sito\/wp-content\/uploads\/2023\/12\/Il-cantiere_Argano-di-legno_Da-Ercolano-I-sec.-d.C-1536x1024.jpg 1536w, https:\/\/colosseo.it\/sito\/wp-content\/uploads\/2023\/12\/Il-cantiere_Argano-di-legno_Da-Ercolano-I-sec.-d.C-2048x1365.jpg 2048w, https:\/\/colosseo.it\/sito\/wp-content\/uploads\/2023\/12\/Il-cantiere_Argano-di-legno_Da-Ercolano-I-sec.-d.C-1500x1000.jpg 1500w, https:\/\/colosseo.it\/sito\/wp-content\/uploads\/2023\/12\/Il-cantiere_Argano-di-legno_Da-Ercolano-I-sec.-d.C-1920x1280.jpg 1920w\" sizes=\"(max-width: 2560px) 100vw, 2560px\" \/><\/a>\n\t\t<\/dt><\/dl><br style=\"clear: both\" \/><dl class='gallery-item'>\n\t\t<dt class='gallery-icon landscape'>\n\t\t\t<a href='https:\/\/colosseo.it\/es\/press_kit\/colonna-traiana-mostra\/colonna-traiana_mostra-colosseo_veduta-generale_2_archivio-parco-archeologico-colosseo-2\/'><img width=\"2560\" height=\"1707\" src=\"https:\/\/colosseo.it\/sito\/wp-content\/uploads\/2023\/12\/Colonna-Traiana_mostra-Colosseo_veduta-generale_2_Archivio-Parco-archeologico-Colosseo-scaled.jpg\" class=\"attachment-full size-full\" alt=\"\" decoding=\"async\" loading=\"lazy\" srcset=\"https:\/\/colosseo.it\/sito\/wp-content\/uploads\/2023\/12\/Colonna-Traiana_mostra-Colosseo_veduta-generale_2_Archivio-Parco-archeologico-Colosseo-scaled.jpg 2560w, https:\/\/colosseo.it\/sito\/wp-content\/uploads\/2023\/12\/Colonna-Traiana_mostra-Colosseo_veduta-generale_2_Archivio-Parco-archeologico-Colosseo-300x200.jpg 300w, https:\/\/colosseo.it\/sito\/wp-content\/uploads\/2023\/12\/Colonna-Traiana_mostra-Colosseo_veduta-generale_2_Archivio-Parco-archeologico-Colosseo-1024x683.jpg 1024w, https:\/\/colosseo.it\/sito\/wp-content\/uploads\/2023\/12\/Colonna-Traiana_mostra-Colosseo_veduta-generale_2_Archivio-Parco-archeologico-Colosseo-768x512.jpg 768w, https:\/\/colosseo.it\/sito\/wp-content\/uploads\/2023\/12\/Colonna-Traiana_mostra-Colosseo_veduta-generale_2_Archivio-Parco-archeologico-Colosseo-1536x1024.jpg 1536w, https:\/\/colosseo.it\/sito\/wp-content\/uploads\/2023\/12\/Colonna-Traiana_mostra-Colosseo_veduta-generale_2_Archivio-Parco-archeologico-Colosseo-2048x1365.jpg 2048w, https:\/\/colosseo.it\/sito\/wp-content\/uploads\/2023\/12\/Colonna-Traiana_mostra-Colosseo_veduta-generale_2_Archivio-Parco-archeologico-Colosseo-1500x1000.jpg 1500w, https:\/\/colosseo.it\/sito\/wp-content\/uploads\/2023\/12\/Colonna-Traiana_mostra-Colosseo_veduta-generale_2_Archivio-Parco-archeologico-Colosseo-1920x1280.jpg 1920w\" sizes=\"(max-width: 2560px) 100vw, 2560px\" \/><\/a>\n\t\t<\/dt><\/dl><dl class='gallery-item'>\n\t\t<dt class='gallery-icon landscape'>\n\t\t\t<a href='https:\/\/colosseo.it\/es\/press_kit\/colonna-traiana-mostra\/colonna-traiana_mostra-colosseo_veduta-generale_3_archivio-parco-archeologico-colosseo-2\/'><img width=\"2560\" height=\"1707\" src=\"https:\/\/colosseo.it\/sito\/wp-content\/uploads\/2023\/12\/Colonna-Traiana_mostra-Colosseo_veduta-generale_3_Archivio-Parco-archeologico-Colosseo-scaled.jpg\" class=\"attachment-full size-full\" alt=\"\" decoding=\"async\" loading=\"lazy\" srcset=\"https:\/\/colosseo.it\/sito\/wp-content\/uploads\/2023\/12\/Colonna-Traiana_mostra-Colosseo_veduta-generale_3_Archivio-Parco-archeologico-Colosseo-scaled.jpg 2560w, https:\/\/colosseo.it\/sito\/wp-content\/uploads\/2023\/12\/Colonna-Traiana_mostra-Colosseo_veduta-generale_3_Archivio-Parco-archeologico-Colosseo-300x200.jpg 300w, https:\/\/colosseo.it\/sito\/wp-content\/uploads\/2023\/12\/Colonna-Traiana_mostra-Colosseo_veduta-generale_3_Archivio-Parco-archeologico-Colosseo-1024x683.jpg 1024w, https:\/\/colosseo.it\/sito\/wp-content\/uploads\/2023\/12\/Colonna-Traiana_mostra-Colosseo_veduta-generale_3_Archivio-Parco-archeologico-Colosseo-768x512.jpg 768w, https:\/\/colosseo.it\/sito\/wp-content\/uploads\/2023\/12\/Colonna-Traiana_mostra-Colosseo_veduta-generale_3_Archivio-Parco-archeologico-Colosseo-1536x1024.jpg 1536w, https:\/\/colosseo.it\/sito\/wp-content\/uploads\/2023\/12\/Colonna-Traiana_mostra-Colosseo_veduta-generale_3_Archivio-Parco-archeologico-Colosseo-2048x1365.jpg 2048w, https:\/\/colosseo.it\/sito\/wp-content\/uploads\/2023\/12\/Colonna-Traiana_mostra-Colosseo_veduta-generale_3_Archivio-Parco-archeologico-Colosseo-1500x1000.jpg 1500w, https:\/\/colosseo.it\/sito\/wp-content\/uploads\/2023\/12\/Colonna-Traiana_mostra-Colosseo_veduta-generale_3_Archivio-Parco-archeologico-Colosseo-1920x1280.jpg 1920w\" sizes=\"(max-width: 2560px) 100vw, 2560px\" \/><\/a>\n\t\t<\/dt><\/dl><dl class='gallery-item'>\n\t\t<dt class='gallery-icon landscape'>\n\t\t\t<a href='https:\/\/colosseo.it\/es\/press_kit\/colonna-traiana-mostra\/colonna-traiana_mostra-colosseo_veduta-generale_4_archivio-parco-archeologico-colosseo-2\/'><img width=\"2560\" height=\"1707\" src=\"https:\/\/colosseo.it\/sito\/wp-content\/uploads\/2023\/12\/Colonna-Traiana_mostra-Colosseo_veduta-generale_4_Archivio-Parco-archeologico-Colosseo-scaled.jpg\" class=\"attachment-full size-full\" alt=\"\" decoding=\"async\" loading=\"lazy\" srcset=\"https:\/\/colosseo.it\/sito\/wp-content\/uploads\/2023\/12\/Colonna-Traiana_mostra-Colosseo_veduta-generale_4_Archivio-Parco-archeologico-Colosseo-scaled.jpg 2560w, https:\/\/colosseo.it\/sito\/wp-content\/uploads\/2023\/12\/Colonna-Traiana_mostra-Colosseo_veduta-generale_4_Archivio-Parco-archeologico-Colosseo-300x200.jpg 300w, https:\/\/colosseo.it\/sito\/wp-content\/uploads\/2023\/12\/Colonna-Traiana_mostra-Colosseo_veduta-generale_4_Archivio-Parco-archeologico-Colosseo-1024x683.jpg 1024w, https:\/\/colosseo.it\/sito\/wp-content\/uploads\/2023\/12\/Colonna-Traiana_mostra-Colosseo_veduta-generale_4_Archivio-Parco-archeologico-Colosseo-768x512.jpg 768w, https:\/\/colosseo.it\/sito\/wp-content\/uploads\/2023\/12\/Colonna-Traiana_mostra-Colosseo_veduta-generale_4_Archivio-Parco-archeologico-Colosseo-1536x1024.jpg 1536w, https:\/\/colosseo.it\/sito\/wp-content\/uploads\/2023\/12\/Colonna-Traiana_mostra-Colosseo_veduta-generale_4_Archivio-Parco-archeologico-Colosseo-2048x1365.jpg 2048w, https:\/\/colosseo.it\/sito\/wp-content\/uploads\/2023\/12\/Colonna-Traiana_mostra-Colosseo_veduta-generale_4_Archivio-Parco-archeologico-Colosseo-1500x1000.jpg 1500w, https:\/\/colosseo.it\/sito\/wp-content\/uploads\/2023\/12\/Colonna-Traiana_mostra-Colosseo_veduta-generale_4_Archivio-Parco-archeologico-Colosseo-1920x1280.jpg 1920w\" sizes=\"(max-width: 2560px) 100vw, 2560px\" \/><\/a>\n\t\t<\/dt><\/dl><br style=\"clear: both\" \/>\n\t<\/div>\n\n","protected":false},"excerpt":{"rendered":"<p>La exposici\u00f3n \u00abLa Colonna Traiana. La historia de un s\u00edmbolo\u00ab, organizada y promovida por el Parque Arqueol\u00f3gico del Coliseo y el Museo Galileo &#8211; Instituto y Museo de Historia de la Ciencia bajo la curadur\u00eda de Alfonsina Russo, Federica Rinaldi, Angelica Pujia y Giovanni Di Pasquale estar\u00e1 abierta del 22 de diciembre de 2023 al<a class=\"excerpt-read-more\" href=\"https:\/\/colosseo.it\/es\/evento\/la-colonna-traiana-la-historia-de-un-simbolo\/\" title=\"ReadLa Colonna Traiana. La historia de un s\u00edmbolo\">&#8230; Read more &raquo;<\/a><\/p>\n","protected":false},"author":19,"featured_media":43813,"template":"","meta":[],"tags":[],"location_evento":[63],"tribe_events_cat":[66],"acf":[],"_links":{"self":[{"href":"https:\/\/colosseo.it\/es\/wp-json\/wp\/v2\/tribe_events\/44551"}],"collection":[{"href":"https:\/\/colosseo.it\/es\/wp-json\/wp\/v2\/tribe_events"}],"about":[{"href":"https:\/\/colosseo.it\/es\/wp-json\/wp\/v2\/types\/tribe_events"}],"author":[{"embeddable":true,"href":"https:\/\/colosseo.it\/es\/wp-json\/wp\/v2\/users\/19"}],"version-history":[{"count":2,"href":"https:\/\/colosseo.it\/es\/wp-json\/wp\/v2\/tribe_events\/44551\/revisions"}],"predecessor-version":[{"id":44942,"href":"https:\/\/colosseo.it\/es\/wp-json\/wp\/v2\/tribe_events\/44551\/revisions\/44942"}],"wp:featuredmedia":[{"embeddable":true,"href":"https:\/\/colosseo.it\/es\/wp-json\/wp\/v2\/media\/43813"}],"wp:attachment":[{"href":"https:\/\/colosseo.it\/es\/wp-json\/wp\/v2\/media?parent=44551"}],"wp:term":[{"taxonomy":"post_tag","embeddable":true,"href":"https:\/\/colosseo.it\/es\/wp-json\/wp\/v2\/tags?post=44551"},{"taxonomy":"location_evento","embeddable":true,"href":"https:\/\/colosseo.it\/es\/wp-json\/wp\/v2\/location_evento?post=44551"},{"taxonomy":"tribe_events_cat","embeddable":true,"href":"https:\/\/colosseo.it\/es\/wp-json\/wp\/v2\/tribe_events_cat?post=44551"}],"curies":[{"name":"wp","href":"https:\/\/api.w.org\/{rel}","templated":true}]}}