	
    {"id":47385,"date":"2024-08-09T19:18:55","date_gmt":"2024-08-09T17:18:55","guid":{"rendered":"https:\/\/colosseo.it\/?post_type=tribe_events&#038;p=47385"},"modified":"2024-08-09T19:19:36","modified_gmt":"2024-08-09T17:19:36","slug":"ferragosto-en-el-parque-arqueologico-del-coliseo","status":"publish","type":"tribe_events","link":"https:\/\/colosseo.it\/es\/evento\/ferragosto-en-el-parque-arqueologico-del-coliseo\/","title":{"rendered":"Ferragosto en el Parque arqueol\u00f3gico del Coliseo"},"content":{"rendered":"<p style=\"text-align: justify;\">Los museos estatales, parques arqueol\u00f3gicos y lugares de inter\u00e9s cultural como castillos, abad\u00edas, conjuntos monumentales, villas y jardines permanecer\u00e1n abiertos el <strong>Ferragosto<\/strong>.<\/p>\n<p style=\"text-align: justify;\">El Parque arqueol\u00f3gico del Coliseo permanecer\u00e1 abierto <strong>de 8.30 a 19.15 horas, con \u00faltima entrada a las 18.15 horas<\/strong>.<\/p>\n<p style=\"text-align: justify;\">Ser\u00e1 una oportunidad para visitar las residencias del complejo augusteo: la <a href=\"https:\/\/colosseo.it\/es\/mirabilia\/la-casa-de-augusto\/\"><strong>Casa de Augusto<\/strong><\/a> y la <a href=\"https:\/\/colosseo.it\/es\/mirabilia\/la-casa-de-livia-palatino\/\"><strong>Casa de Livia<\/strong><\/a>, (recientemente reabiertas al p\u00fablico tras una larga restauraci\u00f3n) para las que se ofrecen visitas multimedia en italiano e ingl\u00e9s, incluidas en el billete de entrada.<br \/>\nLe sugerimos que adquiera el billete <a href=\"https:\/\/colosseo.it\/es\/entradas\/entrada-forum-pass-super\/\"><strong>Forum Pass SUPER<\/strong><\/a>, que permite el acceso a <a href=\"https:\/\/colosseo.it\/es\/foro-romano-palatino-super\/\">los lugares especiales del <strong>Foro Romano y el Palatino<\/strong><\/a>\u00a0y est\u00e1 siempre disponible.<\/p>\n<p style=\"text-align: justify;\"><strong>Tenga en cuenta que el 15 de agosto no hay entrada gratuita.<\/strong><\/p>\n<p>&nbsp;<\/p>\n","protected":false},"excerpt":{"rendered":"<p>Los museos estatales, parques arqueol\u00f3gicos y lugares de inter\u00e9s cultural como castillos, abad\u00edas, conjuntos monumentales, villas y jardines permanecer\u00e1n abiertos el Ferragosto. El Parque arqueol\u00f3gico del Coliseo permanecer\u00e1 abierto de 8.30 a 19.15 horas, con \u00faltima entrada a las 18.15 horas. Ser\u00e1 una oportunidad para visitar las residencias del complejo augusteo: la Casa de Augusto<a class=\"excerpt-read-more\" href=\"https:\/\/colosseo.it\/es\/evento\/ferragosto-en-el-parque-arqueologico-del-coliseo\/\" title=\"ReadFerragosto en el Parque arqueol\u00f3gico del Coliseo\">&#8230; Read more &raquo;<\/a><\/p>\n","protected":false},"author":19,"featured_media":47373,"template":"","meta":[],"tags":[],"location_evento":[328,329,330],"tribe_events_cat":[64],"acf":[],"_links":{"self":[{"href":"https:\/\/colosseo.it\/es\/wp-json\/wp\/v2\/tribe_events\/47385"}],"collection":[{"href":"https:\/\/colosseo.it\/es\/wp-json\/wp\/v2\/tribe_events"}],"about":[{"href":"https:\/\/colosseo.it\/es\/wp-json\/wp\/v2\/types\/tribe_events"}],"author":[{"embeddable":true,"href":"https:\/\/colosseo.it\/es\/wp-json\/wp\/v2\/users\/19"}],"version-history":[{"count":1,"href":"https:\/\/colosseo.it\/es\/wp-json\/wp\/v2\/tribe_events\/47385\/revisions"}],"predecessor-version":[{"id":47386,"href":"https:\/\/colosseo.it\/es\/wp-json\/wp\/v2\/tribe_events\/47385\/revisions\/47386"}],"wp:featuredmedia":[{"embeddable":true,"href":"https:\/\/colosseo.it\/es\/wp-json\/wp\/v2\/media\/47373"}],"wp:attachment":[{"href":"https:\/\/colosseo.it\/es\/wp-json\/wp\/v2\/media?parent=47385"}],"wp:term":[{"taxonomy":"post_tag","embeddable":true,"href":"https:\/\/colosseo.it\/es\/wp-json\/wp\/v2\/tags?post=47385"},{"taxonomy":"location_evento","embeddable":true,"href":"https:\/\/colosseo.it\/es\/wp-json\/wp\/v2\/location_evento?post=47385"},{"taxonomy":"tribe_events_cat","embeddable":true,"href":"https:\/\/colosseo.it\/es\/wp-json\/wp\/v2\/tribe_events_cat?post=47385"}],"curies":[{"name":"wp","href":"https:\/\/api.w.org\/{rel}","templated":true}]}}