	
    {"id":6293,"date":"2019-09-17T11:29:41","date_gmt":"2019-09-17T09:29:41","guid":{"rendered":"https:\/\/colosseo.it\/evento\/el-coliseo-se-confiesa-la-historia-infinita-de-un-icono-entre-arqueologa-vdeos-y-lenguas-orientales\/"},"modified":"2020-02-26T10:03:44","modified_gmt":"2020-02-26T09:03:44","slug":"el-coliseo-se-presenta-la-historia-infinita-de-un-icono-entre-arqueologa-vdeos-y-lenguas-orientales","status":"publish","type":"tribe_events","link":"https:\/\/colosseo.it\/es\/evento\/el-coliseo-se-presenta-la-historia-infinita-de-un-icono-entre-arqueologa-vdeos-y-lenguas-orientales\/","title":{"rendered":"El Coliseo se presenta: la historia infinita de un icono entre arqueolog&iacute;a, v&iacute;deos y lenguas orientales"},"content":{"rendered":"<p>El Parque Arqueol\u00f3gico del Coliseo ofrece al p\u00fablico el nuevo montaje permanente del Coliseo, enriquecido con contenido multimedia y materiales resultantes de la investigaci\u00f3n coordinada durante los \u00faltimos a\u00f1os por Rossella Rea, en colaboraci\u00f3n con la Universidad de Roma 3 y el Instituto Arqueol\u00f3gico Alem\u00e1n de Roma.<\/p>\n<p>Once secciones principales, con testimonios sobre la arquitectura y vida cotidiana dentro del Anfiteatro Flavio, sobre transformaciones post-antiguas y sobre las percepciones de viajeros y artistas de la era moderna y contempor\u00e1nea.<\/p>\n<p>Los visitantes ser\u00e1n recibidos y guiados durante el recorrido por v\u00eddeos de arqueolog\u00eda experimental, sobre el funcionamiento de los montacargas para animales en uso durante los espect\u00e1culos, diapositivas de lo m\u00e1s fascinantes, con interpretaciones pict\u00f3ricas del siglo XIX, y una preciosa pel\u00edcula de los archivos del Instituto Luce, que da testimonio de las celebraciones religiosas celebradas en el piso de la arena durante el per\u00edodo fascista.<\/p>\n<p>Para contar la historia multifac\u00e9tica de un monumento que hoy es un s\u00edmbolo universal, la directora Alfonsina Russo ha decidido abrirse hacia Oriente, con un aparato comunicativo tambi\u00e9n en chino, para fomentar el conocimiento y la conciencia del p\u00fablico internacional del Parque.<\/p>\n<p>&nbsp;<\/p>\n<p>&nbsp;<\/p>\n","protected":false},"excerpt":{"rendered":"<p>Del 21 de diciembre al II orden El Coliseo se confiesa, exposici&oacute;n permanente<\/p>\n","protected":false},"author":4,"featured_media":6295,"template":"","meta":[],"tags":[],"location_evento":[63],"tribe_events_cat":[64],"acf":[],"_links":{"self":[{"href":"https:\/\/colosseo.it\/es\/wp-json\/wp\/v2\/tribe_events\/6293"}],"collection":[{"href":"https:\/\/colosseo.it\/es\/wp-json\/wp\/v2\/tribe_events"}],"about":[{"href":"https:\/\/colosseo.it\/es\/wp-json\/wp\/v2\/types\/tribe_events"}],"author":[{"embeddable":true,"href":"https:\/\/colosseo.it\/es\/wp-json\/wp\/v2\/users\/4"}],"version-history":[{"count":7,"href":"https:\/\/colosseo.it\/es\/wp-json\/wp\/v2\/tribe_events\/6293\/revisions"}],"predecessor-version":[{"id":12714,"href":"https:\/\/colosseo.it\/es\/wp-json\/wp\/v2\/tribe_events\/6293\/revisions\/12714"}],"wp:featuredmedia":[{"embeddable":true,"href":"https:\/\/colosseo.it\/es\/wp-json\/wp\/v2\/media\/6295"}],"wp:attachment":[{"href":"https:\/\/colosseo.it\/es\/wp-json\/wp\/v2\/media?parent=6293"}],"wp:term":[{"taxonomy":"post_tag","embeddable":true,"href":"https:\/\/colosseo.it\/es\/wp-json\/wp\/v2\/tags?post=6293"},{"taxonomy":"location_evento","embeddable":true,"href":"https:\/\/colosseo.it\/es\/wp-json\/wp\/v2\/location_evento?post=6293"},{"taxonomy":"tribe_events_cat","embeddable":true,"href":"https:\/\/colosseo.it\/es\/wp-json\/wp\/v2\/tribe_events_cat?post=6293"}],"curies":[{"name":"wp","href":"https:\/\/api.w.org\/{rel}","templated":true}]}}