	
    {"id":6416,"date":"2019-09-17T11:30:17","date_gmt":"2019-09-17T09:30:17","guid":{"rendered":"https:\/\/colosseo.it\/evento\/estatuas-de-brbaros-en-mrmoles-de-colores-novedades-del-foro-romano-y-terracina\/"},"modified":"2019-11-22T12:40:19","modified_gmt":"2019-11-22T11:40:19","slug":"estatuas-de-brbaros-en-mrmoles-de-colores-novedades-del-foro-romano-y-terracina","status":"publish","type":"tribe_events","link":"https:\/\/colosseo.it\/es\/evento\/estatuas-de-brbaros-en-mrmoles-de-colores-novedades-del-foro-romano-y-terracina\/","title":{"rendered":"ESTATUAS DE B&Aacute;RBAROS EN M&Aacute;RMOLES DE COLORES &#8211; Novedades del Foro Romano y Terracina"},"content":{"rendered":"<p>Majestuosas estatuas de orientales, de una grandeza imponente, hechas de preciados m\u00e1rmoles de colores importados de las provincias del Imperio han conquistado un lugar destacado en la arquitectura p\u00fablica desde la \u00e9poca de Augusto.<\/p>\n<p>A ra\u00edz del modelo atestiguado por primera vez en Roma en la serie de estatuas de la Bas\u00edlica Emilia, el motivo se extendi\u00f3 por los espacios p\u00fablicos de varias ciudades mediterr\u00e1neas, con un testimonio excepcional del teatro de Terracina, no lejos de la Urbe.<\/p>\n<p>Junto a un valor puramente est\u00e9tico o de sencilla manifestaci\u00f3n de <em>lujo<\/em>, dichas esculturas ten\u00edan que transmitir importantes significados simb\u00f3licos, estrechamente vinculados a la propaganda imperial y a\u00fan por profundizar.<\/p>\n<p>La <strong>jornada de estudios<\/strong> tiene la intenci\u00f3n de presentar los nuevos datos surgidos de la revisi\u00f3n del material ya conocido y de los testimonios in\u00e9ditos recientemente adquiridos, para ofrecer nuevas ideas de reflexi\u00f3n sobre una tipolog\u00eda estatuaria que despierta gran admiraci\u00f3n.<\/p>\n<p>Con la ocasi\u00f3n se presenta una selecci\u00f3n de las cabezas de m\u00e1rmol de los b\u00e1rbaros procedentes de la Bas\u00edlica Emilia, como conclusi\u00f3n de una intervenci\u00f3n de restauraci\u00f3n con la que se pretend\u00eda hacer un seguimiento de las vicisitudes relacionadas con la historia del monumento. La <strong>exposici\u00f3n<\/strong> estar\u00e1 abierta al p\u00fablico del 7 al 17 de junio durante los horarios normales de acceso al Parque Arqueol\u00f3gico del Coliseo.<\/p>\n<p>&nbsp;<\/p>\n<p>La jornada de estudio tendr\u00e1 lugar en la Curia Julia del Foro Romano. Acceso gratuito hasta completar todas las plazas disponibles (m\u00e1ximo 100 plazas) sujeto a acreditaci\u00f3n en la direcci\u00f3n de correo electr\u00f3nico pa-colosseo.convegni@beniculturali.it. La entrada es desde Largo della Salara Vecchia con exhibici\u00f3n obligatoria de la invitaci\u00f3n y acreditaci\u00f3n.<\/p>\n<p>Para informaci\u00f3n y descargas:<\/p>\n<p><a href=\"https:\/\/colosseo.it\/sito\/wp-content\/uploads\/2019\/05\/6-giugno-2019-Giornata-di-studi.pdf\">6 de junio de 2019 Jornada de estudios<\/a><\/p>\n<p><a href=\"https:\/\/colosseo.it\/sito\/wp-content\/uploads\/2019\/05\/Programma-Giornata-di-studio-6-giugno-2019.pdf\">Programa Jornada de estudios 6 de junio de 2019<\/a><\/p>\n","protected":false},"excerpt":{"rendered":"<p>Majestuosas estatuas de orientales, de una grandeza imponente, hechas de preciados m\u00e1rmoles de colores importados de las provincias del Imperio han conquistado un lugar destacado en la arquitectura p\u00fablica desde la \u00e9poca de Augusto. A ra\u00edz del modelo atestiguado por primera vez en Roma en la serie de estatuas de la Bas\u00edlica Emilia, el motivo<a class=\"excerpt-read-more\" href=\"https:\/\/colosseo.it\/es\/evento\/estatuas-de-brbaros-en-mrmoles-de-colores-novedades-del-foro-romano-y-terracina\/\" title=\"ReadESTATUAS DE B&Aacute;RBAROS EN M&Aacute;RMOLES DE COLORES &#8211; Novedades del Foro Romano y Terracina\">&#8230; Read more &raquo;<\/a><\/p>\n","protected":false},"author":4,"featured_media":6417,"template":"","meta":[],"tags":[],"location_evento":[67,68],"tribe_events_cat":[64,66],"acf":[],"_links":{"self":[{"href":"https:\/\/colosseo.it\/es\/wp-json\/wp\/v2\/tribe_events\/6416"}],"collection":[{"href":"https:\/\/colosseo.it\/es\/wp-json\/wp\/v2\/tribe_events"}],"about":[{"href":"https:\/\/colosseo.it\/es\/wp-json\/wp\/v2\/types\/tribe_events"}],"author":[{"embeddable":true,"href":"https:\/\/colosseo.it\/es\/wp-json\/wp\/v2\/users\/4"}],"version-history":[{"count":3,"href":"https:\/\/colosseo.it\/es\/wp-json\/wp\/v2\/tribe_events\/6416\/revisions"}],"predecessor-version":[{"id":10943,"href":"https:\/\/colosseo.it\/es\/wp-json\/wp\/v2\/tribe_events\/6416\/revisions\/10943"}],"wp:featuredmedia":[{"embeddable":true,"href":"https:\/\/colosseo.it\/es\/wp-json\/wp\/v2\/media\/6417"}],"wp:attachment":[{"href":"https:\/\/colosseo.it\/es\/wp-json\/wp\/v2\/media?parent=6416"}],"wp:term":[{"taxonomy":"post_tag","embeddable":true,"href":"https:\/\/colosseo.it\/es\/wp-json\/wp\/v2\/tags?post=6416"},{"taxonomy":"location_evento","embeddable":true,"href":"https:\/\/colosseo.it\/es\/wp-json\/wp\/v2\/location_evento?post=6416"},{"taxonomy":"tribe_events_cat","embeddable":true,"href":"https:\/\/colosseo.it\/es\/wp-json\/wp\/v2\/tribe_events_cat?post=6416"}],"curies":[{"name":"wp","href":"https:\/\/api.w.org\/{rel}","templated":true}]}}