	
    {"id":6431,"date":"2019-09-17T11:30:23","date_gmt":"2019-09-17T09:30:23","guid":{"rendered":"https:\/\/colosseo.it\/evento\/roma-se-encuentra-con-miln\/"},"modified":"2019-11-22T12:37:07","modified_gmt":"2019-11-22T11:37:07","slug":"roma-se-encuentra-con-miln","status":"publish","type":"tribe_events","link":"https:\/\/colosseo.it\/es\/evento\/roma-se-encuentra-con-miln\/","title":{"rendered":"Roma se encuentra con Mil&aacute;n"},"content":{"rendered":"<p><span style=\"color: #000000;\">El <b><span style=\"font-family: 'Georgia','serif';\">martes 2 y el mi\u00e9rcoles 3 de julio<\/span><\/b><span style=\"font-family: 'Georgia','serif';\"> en el interior de la Bas\u00edlica de Majencio, un rico e intenso programa tiene como protagonistas a <b>Jonathan Lethem,<\/b> escritor y ensayista neoyorquino, considerado una de las voces m\u00e1s significativas del actual panorama cultural estadounidense y <b>Michael Cunningham<\/b>, Premio Pulitzer de narrativa por su novela \u00abLas horas\u00bb, adaptada en la pel\u00edcula del mismo nombre de Stephen Daldry con Meryl Streep, Nicole Kidman y Julianne Moore. <\/span><\/span><span style=\"font-family: 'Georgia','serif';\"><span style=\"color: #000000;\">Las dos excepcionales noches tambi\u00e9n contar\u00e1n con las intervenciones musicales de <b>Ramin Barhami<\/b>, compositor y pianista iran\u00ed de fama internacional que cultiva desde siempre un importante v\u00ednculo con Italia. Con ellos tambi\u00e9n ser\u00e1n protagonistas las escritoras italianas <b>Elena Stancanelli<\/b> y <b>Carmen Pellegrino <\/b>y los actores <b>Massimo Quinto Foschi<\/b> y <b>Marco Foschi<\/b> que leer\u00e1n, como apertura de cada una de las dos veladas, unos pasajes del \u00abDe Rerum Natura\u00bb de Tito Lucrezio Caro en la nueva versi\u00f3n de autor de Roberto Herlitzka. Todos juntos dar\u00e1n vida a un espect\u00e1culo \u00fanico y original, realizaci\u00f3n concreta del posible di\u00e1logo entre las diferentes artes.<\/span><\/span><\/p>\n<p>Las dos veladas evento est\u00e1n fomentadas por el <strong>Parque Arqueol\u00f3gico del Coliseo<\/strong> con <strong>la Milanesiana<\/strong>, manifestaci\u00f3n milanesa fruto de la creatividad de Elisabetta Sgarbi, en continuidad creativa con el <strong>Festival Internacional Literario de Majencio<\/strong>.<\/p>\n<p>Entrada gratuita (acceso a la Bas\u00edlica desde las 20:30 horas desde el Clivo de Venere Felice)<\/p>\n<p><a href=\"https:\/\/colosseo.it\/sito\/wp-content\/uploads\/2019\/06\/Invito-Roma-incontra-Milano.pdf\">Invitaci\u00f3n Roma se encuentra con Mil\u00e1n<\/a><\/p>\n<p><a href=\"https:\/\/colosseo.it\/sito\/wp-content\/uploads\/2019\/06\/PROGRAMMA-Roma-incontra-Milano.pdf\">PROGRAMA Roma se encuentra con Mil\u00e1n<\/a><\/p>\n<p>&nbsp;<\/p>\n<p>&nbsp;<\/p>\n","protected":false},"excerpt":{"rendered":"<p>El martes 2 y el mi\u00e9rcoles 3 de julio en el interior de la Bas\u00edlica de Majencio, un rico e intenso programa tiene como protagonistas a Jonathan Lethem, escritor y ensayista neoyorquino, considerado una de las voces m\u00e1s significativas del actual panorama cultural estadounidense y Michael Cunningham, Premio Pulitzer de narrativa por su novela \u00abLas<a class=\"excerpt-read-more\" href=\"https:\/\/colosseo.it\/es\/evento\/roma-se-encuentra-con-miln\/\" title=\"ReadRoma se encuentra con Mil&aacute;n\">&#8230; Read more &raquo;<\/a><\/p>\n","protected":false},"author":4,"featured_media":6432,"template":"","meta":[],"tags":[],"location_evento":[115],"tribe_events_cat":[64],"acf":[],"_links":{"self":[{"href":"https:\/\/colosseo.it\/es\/wp-json\/wp\/v2\/tribe_events\/6431"}],"collection":[{"href":"https:\/\/colosseo.it\/es\/wp-json\/wp\/v2\/tribe_events"}],"about":[{"href":"https:\/\/colosseo.it\/es\/wp-json\/wp\/v2\/types\/tribe_events"}],"author":[{"embeddable":true,"href":"https:\/\/colosseo.it\/es\/wp-json\/wp\/v2\/users\/4"}],"version-history":[{"count":3,"href":"https:\/\/colosseo.it\/es\/wp-json\/wp\/v2\/tribe_events\/6431\/revisions"}],"predecessor-version":[{"id":10938,"href":"https:\/\/colosseo.it\/es\/wp-json\/wp\/v2\/tribe_events\/6431\/revisions\/10938"}],"wp:featuredmedia":[{"embeddable":true,"href":"https:\/\/colosseo.it\/es\/wp-json\/wp\/v2\/media\/6432"}],"wp:attachment":[{"href":"https:\/\/colosseo.it\/es\/wp-json\/wp\/v2\/media?parent=6431"}],"wp:term":[{"taxonomy":"post_tag","embeddable":true,"href":"https:\/\/colosseo.it\/es\/wp-json\/wp\/v2\/tags?post=6431"},{"taxonomy":"location_evento","embeddable":true,"href":"https:\/\/colosseo.it\/es\/wp-json\/wp\/v2\/location_evento?post=6431"},{"taxonomy":"tribe_events_cat","embeddable":true,"href":"https:\/\/colosseo.it\/es\/wp-json\/wp\/v2\/tribe_events_cat?post=6431"}],"curies":[{"name":"wp","href":"https:\/\/api.w.org\/{rel}","templated":true}]}}